{"id":2,"date":"2009-09-07T11:17:48","date_gmt":"2009-09-07T08:17:48","guid":{"rendered":"http:\/\/www.oulunsalonvasama.fi\/pesapallobeta\/?page_id=2"},"modified":"2025-06-13T14:03:02","modified_gmt":"2025-06-13T11:03:02","slug":"about","status":"publish","type":"page","link":"https:\/\/www.oulunsalonvasama.fi\/pesapallo\/","title":{"rendered":"Ajankohtaista"},"content":{"rendered":"<h2><a href=\"https:\/\/www.facebook.com\/osvapesis\">OsVa Facebook<\/a>\u00a0 <a href=\"https:\/\/www.instagram.com\/osvapesis\/\">OsVa Instagram<\/a><\/h2>\n<p>&nbsp;<\/p>\n<p>&nbsp;<\/p>\n<h1>OsVan Starttipesis alkaa 29.6.<\/h1>\n<p><a href=\"https:\/\/forms.gle\/eceninh6vqPEUSL9A\">Ilmoittaudu mukaan: https:\/\/forms.gle\/eceninh6vqPEUSL9A<\/a><\/p>\n<p>Oulunsalon Vasaman Starttipesis j\u00e4rjestet\u00e4\u00e4n 29.6.2025 alkaen joka sunnuntai klo 17.00-18.15 aina 7.9.2025 saakka sis\u00e4lt\u00e4en 10 harjoituskertaa (pl. su 3.8. jolloin ei harjoituksia). Mukaan voi liitty\u00e4 koska vain kes\u00e4n aikana, eik\u00e4 aiempaa lajitaustaa tai osaamista tarvita. Mukaan ovat tervetulleet kaikki uudet sek\u00e4 jo pesiskoulun k\u00e4yneet lajista kiinnostuneet 5-12 vuotiaat lapset ja nuoret.<\/p>\n<p>Paikka:\u00a0Oulunsalon kirkonkyl\u00e4n pes\u00e4pallokentt\u00e4 osoitteessa koulutie, 90460 Oulunsalo<\/p>\n<p>Starttipesiksess\u00e4 opettelemme monipuolisia liikunnallisia ja motorisia taitoja leikkien ja viitepelien avulla, unohtamatta tietenk\u00e4\u00e4n pesiksen tekniikoiden opettelua. Syvenn\u00e4mme my\u00f6s pes\u00e4pallon laji- ja pelitaitojen opettelua. Vet\u00e4jin\u00e4 starttipesiksess\u00e4 toimivat koulutetut ja pesiksen pelitaustaa omaavat ohjaajat.<\/p>\n<p>Otathan itse mukaan urheiluvarustuksen, juomapullon ja iloista mielt\u00e4! Mik\u00e4li teill\u00e4 on omia varusteita kuten r\u00e4pyl\u00f6it\u00e4 tai kyp\u00e4ri\u00e4, voitte ottaa ne mukaan. Lainaamme my\u00f6s tarvittaessa harjoitusv\u00e4lineet.<\/p>\n<p><b>Starttipesiksen hinta on 20 \u20ac sis\u00e4lt\u00e4en:<\/b><br \/>\n&#8211; Vakuutuksellisen pesispassin (arvo 16,50 \u20ac. Pesispassia varten lomakkeella pyydet\u00e4\u00e4n henkil\u00f6tunnus. Ilmoittautumisen voi perua 25.6. saakka sill\u00e4 sen j\u00e4lkeen hankimme pesispassit osallistujille)<br \/>\n&#8211; 10 ohjattua harjoituskertaa<br \/>\n&#8211; Lainav\u00e4lineet<br \/>\n&#8211; vanhemmille liput Oulunsalon Vasaman naisten suomensarjan otteluun<\/p>\n<p>Starttipesiksen ohjaajien yhteystiedot alla. Voitte ottaa heihin suoraan yhteytt\u00e4, mik\u00e4li esimerkiksi lapsenne ei saa poistua kent\u00e4lt\u00e4 ennen kuin vanhempi h\u00e4net hakee pois. Voitte ilmoittaa t\u00e4st\u00e4 esim. WhatsApp-viestill\u00e4 ohjaajille. Starttipesis p\u00e4\u00e4ttyy aina ilmoitettuna kellonaikana.<\/p>\n<p>L\u00c4MPIM\u00c4STI TERVETULOA MUKAAN!<\/p>\n<p>ps. Mik\u00e4li starttipesiksest\u00e4 on tarpeeksi halukkaita jatkamaan mukaan joukkue- ja kilpailutoimintaan, perustamme syyskuussa joukkueet talvikaudelle ja jatkamme harjoituksia talven yli kohti kes\u00e4\u00e4 2026 ja ilmoittaudumme mukaan sarjatoimintaan.<\/p>\n<p>&nbsp;<\/p>\n<p>&nbsp;<\/p>\n<h1>Hippo-pesiskoulu 2025<\/h1>\n<p>Tervetuloa Oulunsalon Vasaman j\u00e4rjest\u00e4m\u00e4\u00e4n koko perheen yhteiseen Hippo-pesiskouluun Oulunsalon Kirkonkyl\u00e4n pes\u00e4pallokent\u00e4lle osoitteessa Koulutie. Tule oppimaan pes\u00e4palloa ohjatusti. Hanna Hippokin tulee paikalle kannustamaan. Pesiskoulu on maksuton ja osallistujat on vakuutettu.<\/p>\n<p>Hippo-pesiskoulun aikataulu:<br \/>\nma 2.6.2025 klo 17 \u2013 18 Harjoitus<br \/>\nti 3.6.2025 klo 17 \u2013 18 Harjoitus<br \/>\nto 5.6.2025 klo 17 \u2013 18 Harjoitus<br \/>\nma 9.6.2025 klo 17 \u2013 18 Harjoitus<br \/>\nti 10.6.2025 klo 17 \u2013 18 Harjoitus<br \/>\nto 12.6.2025 klo 17 \u2013 19 Peli-ilta<\/p>\n<p>Hippo-pesiskoulussa opetellaan monipuolisia liikunnallisia ja motorisia taitoja leikkien ja viitepelien avulla, unohtamatta tietenk\u00e4\u00e4n pesiksen tekniikoiden opettelua. Harjoitusten lis\u00e4ksi osallistuminen sis\u00e4lt\u00e4\u00e4 Hippotuotteen, osallistumisdiplomin ja vakuutuksen. Vet\u00e4jin\u00e4 pesiskoulussa toimivat koulutetut ja pesiksen pelitaustaa omaavat ohjaajat.<\/p>\n<p>Tavoitteena on jatkaa pesiskoulua OsVan pesiskoulussa sunnuntaisin hein\u00e4kuussa, voit ilmoittaa kiinnostuksesi siihen ilmoittautuessa.<\/p>\n<p><a href=\"http:\/\/www.oulunsalonvasama.fi\/pesapallo\/wp-content\/uploads\/hippo-pesiskoulu-scaled.jpg\"><img loading=\"lazy\" decoding=\"async\" class=\"alignnone size-large wp-image-5095\" src=\"http:\/\/www.oulunsalonvasama.fi\/pesapallo\/wp-content\/uploads\/hippo-pesiskoulu-715x1024.jpg\" alt=\"\" width=\"715\" height=\"1024\" srcset=\"https:\/\/www.oulunsalonvasama.fi\/pesapallo\/wp-content\/uploads\/hippo-pesiskoulu-715x1024.jpg 715w, https:\/\/www.oulunsalonvasama.fi\/pesapallo\/wp-content\/uploads\/hippo-pesiskoulu-210x300.jpg 210w, https:\/\/www.oulunsalonvasama.fi\/pesapallo\/wp-content\/uploads\/hippo-pesiskoulu-768x1099.jpg 768w, https:\/\/www.oulunsalonvasama.fi\/pesapallo\/wp-content\/uploads\/hippo-pesiskoulu-1073x1536.jpg 1073w, https:\/\/www.oulunsalonvasama.fi\/pesapallo\/wp-content\/uploads\/hippo-pesiskoulu-1431x2048.jpg 1431w, https:\/\/www.oulunsalonvasama.fi\/pesapallo\/wp-content\/uploads\/hippo-pesiskoulu-scaled.jpg 1788w\" sizes=\"auto, (max-width: 715px) 100vw, 715px\" \/><\/a><\/p>\n<h1>Harrastepesis 2024<\/h1>\n<p><a href=\"http:\/\/www.oulunsalonvasama.fi\/pesapallo\/wp-content\/uploads\/harraste.jpg\"><img loading=\"lazy\" decoding=\"async\" class=\"alignnone size-large wp-image-5044\" src=\"http:\/\/www.oulunsalonvasama.fi\/pesapallo\/wp-content\/uploads\/harraste-1024x633.jpg\" alt=\"\" width=\"1024\" height=\"633\" srcset=\"https:\/\/www.oulunsalonvasama.fi\/pesapallo\/wp-content\/uploads\/harraste-1024x633.jpg 1024w, https:\/\/www.oulunsalonvasama.fi\/pesapallo\/wp-content\/uploads\/harraste-300x185.jpg 300w, https:\/\/www.oulunsalonvasama.fi\/pesapallo\/wp-content\/uploads\/harraste-768x475.jpg 768w, https:\/\/www.oulunsalonvasama.fi\/pesapallo\/wp-content\/uploads\/harraste.jpg 1197w\" sizes=\"auto, (max-width: 1024px) 100vw, 1024px\" \/><\/a><\/p>\n<h1><\/h1>\n<h1>Ilmainen perhepesis jatkuu kev\u00e4t 2024<\/h1>\n<p>Perhepesis saa jatkoa! &#x1f929;<\/p>\n<p>Perhepesis on ilmainen ja tarkoitettu 2-6-vuotiaille lapsille ja heid\u00e4n mukana tulevalle aikuiselle\/aikuisille. Perhepesikseen lapsi ja h\u00e4nelle t\u00e4rke\u00e4 aikuinen (vanhempi, isovanhempi, kummi tms.) voivat tulla liikkumaan yhdess\u00e4.<\/p>\n<p>Perhepesiksess\u00e4 lapsi ja aikuinen saavat liikkua vapaasti ohjaajien esille laittamien pisteiden ja v\u00e4lineiden parissa. Vastuu lapsesta on mukana tulevalla aikuisella.<\/p>\n<p>Perhepesiskerroille erillist\u00e4 ilmoitusta ei tarvita, vaan paikalle voi saapua ilman ilmoitusta. Perhepesis j\u00e4rjestet\u00e4\u00e4n Oulunsalon Kirkonkyl\u00e4n koulun liikuntasalissa, sis\u00e4\u00e4nk\u00e4ynti pesiskent\u00e4n puolelta puuk\u00e4sity\u00f6luokan nurkasta.<\/p>\n<p>N\u00e4hd\u00e4\u00e4n perhepesiksess\u00e4!<\/p>\n<p>Su 18.2.2024 klo 16.30-17.30<\/p>\n<p>Su 3.3.2024 klo 16.30-17.30<\/p>\n<p>Su 24.3.2024 klo 16.30-17.30<\/p>\n<p><a href=\"http:\/\/www.oulunsalonvasama.fi\/pesapallo\/wp-content\/uploads\/WhatsApp-Image-2024-02-14-at-20.26.53.jpeg\"><img loading=\"lazy\" decoding=\"async\" class=\"alignnone size-medium wp-image-5033\" src=\"http:\/\/www.oulunsalonvasama.fi\/pesapallo\/wp-content\/uploads\/WhatsApp-Image-2024-02-14-at-20.26.53-300x300.jpeg\" alt=\"\" width=\"300\" height=\"300\" srcset=\"https:\/\/www.oulunsalonvasama.fi\/pesapallo\/wp-content\/uploads\/WhatsApp-Image-2024-02-14-at-20.26.53-300x300.jpeg 300w, https:\/\/www.oulunsalonvasama.fi\/pesapallo\/wp-content\/uploads\/WhatsApp-Image-2024-02-14-at-20.26.53-150x150.jpeg 150w, https:\/\/www.oulunsalonvasama.fi\/pesapallo\/wp-content\/uploads\/WhatsApp-Image-2024-02-14-at-20.26.53.jpeg 540w\" sizes=\"auto, (max-width: 300px) 100vw, 300px\" \/><\/a><\/p>\n<h1>Pesisliikkari kev\u00e4\u00e4ll\u00e4 2024<\/h1>\n<p>Pesisliikkarin kev\u00e4tkausi alkaa Oulunsalossa sunnuntaina 14.1.2024! &#x26be;&#xfe0f;<\/p>\n<p>&#x26be;&#xfe0f; Liikkarissa liikutaan monipuolisesti erilaisten leikkien ja pelien muodossa sek\u00e4 harjoitellaan my\u00f6s pes\u00e4pallossa tarvittavia ominaisuuksia (muun muassa pallonheitto, ly\u00f6nti, nopeus).<\/p>\n<p>&#x26be;&#xfe0f; Liikkari pidet\u00e4\u00e4n Kirkonkyl\u00e4n koululla klo 15.30-16.30. Liikkarin hinta kev\u00e4tkaudelle on 25\u20ac.<\/p>\n<p>&#x26be;&#xfe0f; Ilmoita lapsesi mukaan 7.1.2024 menness\u00e4 viestitse tai s\u00e4hk\u00f6postitse (0405466021, saritaheikkinen86@gmail.com).<\/p>\n<p>Suosittelemme <a href=\"https:\/\/www.pesis.fi\/pesispassi\/\">Pesispassin<\/a> hankkimista, se sis\u00e4lt\u00e4\u00e4 mm. vakuutuksen<\/p>\n<p>&nbsp;<\/p>\n<h1>Pesisliikkarin syyskausi alkaa Oulunsalossa sunnuntaina 17.9.2023! &#x26be;&#xfe0f;<\/h1>\n<p>&#x26be;&#xfe0f; Liikkarissa liikutaan monipuolisesti erilaisten leikkien ja pelien muodossa sek\u00e4 harjoitellaan my\u00f6s pes\u00e4pallossa tarvittavia ominaisuuksia (muun muassa pallonheitto, ly\u00f6nti, nopeus).<\/p>\n<p>&#x26be;&#xfe0f; Ilmoita lapsesi mukaan alla olevasta linkist\u00e4 12.9. menness\u00e4. Liikkari pidet\u00e4\u00e4n Kirkonkyl\u00e4n koululla sunnuntaisin 15.30-16.30. Liikkarin hinta syyskaudelle on 25\u20ac.<\/p>\n<p>&#x26be;&#xfe0f; Lomakkeella voit ilmaista my\u00f6s lapsesi kiinnostuksen pes\u00e4pallojoukkueeseen liittymisest\u00e4 kaudelle 2024.<\/p>\n<p><a href=\"https:\/\/docs.google.com\/forms\/d\/1PwX12pCxdT7G1AzbgzWKXY-ImQsnTr_I-rE4Rpmmq6I\/edit\"><strong>Ilmoittaudu t\u00e4st\u00e4 mukaan<\/strong><\/a><\/p>\n<p>Lis\u00e4tiedot: Sarita Heikkinen (0405466021)<\/p>\n<p>&nbsp;<\/p>\n<h1>Kes\u00e4n pesisliikkari ja -koulu k\u00e4ynnistyv\u00e4t!<\/h1>\n<p><a href=\"http:\/\/www.oulunsalonvasama.fi\/pesapallo\/wp-content\/uploads\/Turisti-2023-s3-scaled.jpg\"><img loading=\"lazy\" decoding=\"async\" class=\"alignnone wp-image-5009\" src=\"http:\/\/www.oulunsalonvasama.fi\/pesapallo\/wp-content\/uploads\/Turisti-2023-s3-scaled.jpg\" alt=\"\" width=\"400\" height=\"568\" srcset=\"https:\/\/www.oulunsalonvasama.fi\/pesapallo\/wp-content\/uploads\/Turisti-2023-s3-scaled.jpg 1804w, https:\/\/www.oulunsalonvasama.fi\/pesapallo\/wp-content\/uploads\/Turisti-2023-s3-211x300.jpg 211w, https:\/\/www.oulunsalonvasama.fi\/pesapallo\/wp-content\/uploads\/Turisti-2023-s3-722x1024.jpg 722w, https:\/\/www.oulunsalonvasama.fi\/pesapallo\/wp-content\/uploads\/Turisti-2023-s3-768x1090.jpg 768w, https:\/\/www.oulunsalonvasama.fi\/pesapallo\/wp-content\/uploads\/Turisti-2023-s3-1082x1536.jpg 1082w, https:\/\/www.oulunsalonvasama.fi\/pesapallo\/wp-content\/uploads\/Turisti-2023-s3-1443x2048.jpg 1443w\" sizes=\"auto, (max-width: 400px) 100vw, 400px\" \/><\/a><\/p>\n<h2><\/h2>\n<p>&nbsp;<\/p>\n<p>Pesiskoulu tarjolla Oulunsalossa<\/p>\n<h2><img loading=\"lazy\" decoding=\"async\" class=\"\" src=\"https:\/\/www.oulunsalonvasama.fi\/pesapallo\/wp-content\/uploads\/pesiskoulu22.jpeg\" width=\"534\" height=\"534\" \/><\/h2>\n<p>Ilmoittaudu mukaan: 0400 0159 998, ruuskahanna98@gmail.com<\/p>\n<p>Pesiskoulu maksetaan Oulunsalon Vasaman pes\u00e4pallojaoston tilille FI23 5740 2720 0074 83 , viestiksi \u201cPesiskoulu, *osallistujan nimi*\u201d.<\/p>\n<p>&nbsp;<\/p>\n<h2>Ensimm\u00e4inen Naisten Ykk\u00f6spesiksen peli on lauantaina 14.5.2022. Tervetuloa paikan p\u00e4\u00e4lle tai seuraamaan ottelua Ruutu+ v\u00e4lityksell\u00e4!<\/h2>\n<p>https:\/\/www.ruutu.fi\/urheilu<\/p>\n<p>&nbsp;<\/p>\n<h2>Kausi 2022 starttaa 4.5.2022 C-tytt\u00f6jen aluesarjan pelill\u00e4! Tervetuloa katsomaan!<\/h2>\n<p>Kauden pelit l\u00f6ytyv\u00e4t niin kotipes\u00e4n sein\u00e4ss\u00e4 olevasta listasta kuin <a href=\"https:\/\/www.oulunsalonvasama.fi\/pesapallo\/kotipelit\">kotisivuilta<\/a>.<\/p>\n<p>&nbsp;<\/p>\n<h1 class=\"Article__Title-sc-1n39kdv-3 hvnnri\">Ykk\u00f6spesis t\u00e4ydent\u00e4m\u00e4\u00e4n Ruudun pes\u00e4pallotarjontaa \u2013 ottelul\u00e4hetysten m\u00e4\u00e4r\u00e4 l\u00e4hes tuplaantuu!<\/h1>\n<div class=\"Article__Time-sc-1n39kdv-6 gGxywz\">27.1.2022<\/div>\n<p>https:\/\/www.ruutu.fi\/article\/6094<\/p>\n<p>&nbsp;<\/p>\n<h2>Tervetuloa kauden p\u00e4\u00e4tt\u00e4j\u00e4isiin 22.9.21 klo 17:30 kirkonkyl\u00e4n pes\u00e4pallokent\u00e4lle!<\/h2>\n<h2><\/h2>\n<p>&nbsp;<\/p>\n<h2>Pesiskerho alkaa 6.10.2021<\/h2>\n<p>Ilmoittaudu mukaan: 044 970 6759, emiliamahlakaarto@oulunsalonvasama.fi<\/p>\n<p>Pesiskerho maksetaan 6.10 menness\u00e4 Oulunsalon Vasaman pes\u00e4pallojaoston tilille FI23 5740 2720 0074 83, viestiksi &#8221;Pesiskerho, *osallistujan nimi*&#8221;.<\/p>\n<p><a href=\"http:\/\/www.oulunsalonvasama.fi\/pesapallo\/wp-content\/uploads\/0001-8368336406_20210921_235833_0000.png\"><img loading=\"lazy\" decoding=\"async\" class=\"aligncenter wp-image-4866 size-medium\" src=\"http:\/\/www.oulunsalonvasama.fi\/pesapallo\/wp-content\/uploads\/0001-8368336406_20210921_235833_0000-300x212.png\" alt=\"\" width=\"300\" height=\"212\" srcset=\"https:\/\/www.oulunsalonvasama.fi\/pesapallo\/wp-content\/uploads\/0001-8368336406_20210921_235833_0000-300x212.png 300w, https:\/\/www.oulunsalonvasama.fi\/pesapallo\/wp-content\/uploads\/0001-8368336406_20210921_235833_0000-1024x724.png 1024w, https:\/\/www.oulunsalonvasama.fi\/pesapallo\/wp-content\/uploads\/0001-8368336406_20210921_235833_0000-768x543.png 768w, https:\/\/www.oulunsalonvasama.fi\/pesapallo\/wp-content\/uploads\/0001-8368336406_20210921_235833_0000-1536x1086.png 1536w, https:\/\/www.oulunsalonvasama.fi\/pesapallo\/wp-content\/uploads\/0001-8368336406_20210921_235833_0000-2048x1448.png 2048w\" sizes=\"auto, (max-width: 300px) 100vw, 300px\" \/><\/a><\/p>\n<h2>Pesiskoulu alkaa 6.6.2021<\/h2>\n<p>Ilmoittaudu mukaan: 044 970 6759, emiliamahlakaarto@oulunsalonvasama.fi<\/p>\n<p>Pesiskoulu maksetaan 6.6 menness\u00e4 Oulunsalon Vasaman pes\u00e4pallojaoston tilille FI23 5740 2720 0074 83, viestiksi &#8221;Pesiskoulu, *osallistujan nimi*&#8221;.<\/p>\n<p data-wp-editing=\"1\"><a href=\"http:\/\/www.oulunsalonvasama.fi\/pesapallo\/wp-content\/uploads\/pesiskoulu-2020-Turistiin-A5__-scaled.jpg\"><img loading=\"lazy\" decoding=\"async\" class=\"alignnone wp-image-4784\" src=\"http:\/\/www.oulunsalonvasama.fi\/pesapallo\/wp-content\/uploads\/pesiskoulu-2020-Turistiin-A5__-724x1024.jpg\" alt=\"Pesiskoulun mainos\" width=\"506\" height=\"716\" srcset=\"https:\/\/www.oulunsalonvasama.fi\/pesapallo\/wp-content\/uploads\/pesiskoulu-2020-Turistiin-A5__-724x1024.jpg 724w, https:\/\/www.oulunsalonvasama.fi\/pesapallo\/wp-content\/uploads\/pesiskoulu-2020-Turistiin-A5__-212x300.jpg 212w, https:\/\/www.oulunsalonvasama.fi\/pesapallo\/wp-content\/uploads\/pesiskoulu-2020-Turistiin-A5__-768x1086.jpg 768w, https:\/\/www.oulunsalonvasama.fi\/pesapallo\/wp-content\/uploads\/pesiskoulu-2020-Turistiin-A5__-1086x1536.jpg 1086w, https:\/\/www.oulunsalonvasama.fi\/pesapallo\/wp-content\/uploads\/pesiskoulu-2020-Turistiin-A5__-1448x2048.jpg 1448w, https:\/\/www.oulunsalonvasama.fi\/pesapallo\/wp-content\/uploads\/pesiskoulu-2020-Turistiin-A5__-scaled.jpg 1810w\" sizes=\"auto, (max-width: 506px) 100vw, 506px\" \/><\/a><\/p>\n<p>&nbsp;<\/p>\n<h2>Ohjeita Korona-ajan harjoitteluun<\/h2>\n<p>(p\u00e4ivitetty 5.11.2020)<\/p>\n<p>Pes\u00e4palloliiton ohjeet l\u00f6ytyv\u00e4t <a href=\"https:\/\/www.pesis.fi\/korona\/\">t\u00e4\u00e4lt\u00e4<\/a><\/p>\n<p>Oulun kaupungin ohjeet l\u00f6ytyv\u00e4t\u00a0<a href=\"https:\/\/www.ouka.fi\/oulu\/ajankohtaista\/uutiset-ja-tiedotteet\/-\/asset_publisher\/s8Z1\/content\/ryhmamuotoisen-harrastamisen-ohjeet-oulussa-12-11-2020-asti\/64332?inheritRedirect=false&amp;redirect=https%3A%2F%2Fwww.ouka.fi%2Foulu%2Fajankohtaista%2Fuutiset-ja-tiedotteet%3Fp_p_id%3D101_INSTANCE_s8Z1%26p_p_lifecycle%3D0%26p_p_state%3Dnormal%26p_p_mode%3Dview%26p_p_col_id%3Dcolumn-2%26p_p_col_count%3D1&amp;redirect=https%3A%2F%2Fwww.ouka.fi%2Foulu%2Fajankohtaista%2Fuutiset-ja-tiedotteet%3Fp_p_id%3D101_INSTANCE_s8Z1%26p_p_lifecycle%3D0%26p_p_state%3Dnormal%26p_p_mode%3Dview%26p_p_col_id%3Dcolumn-2%26p_p_col_count%3D1\">t\u00e4\u00e4lt\u00e4<\/a><\/p>\n<p><strong>Ohjeet tiivistetysti ja soveltaen<\/strong><\/p>\n<ol>\n<li>Harjoituksiin ei saa tulla, mik\u00e4li henkil\u00f6ll\u00e4 on pieni\u00e4k\u00e4\u00e4n sairauden oireita.<\/li>\n<li>Jokainen pelaaja, toimihenkil\u00f6 ja valmentaja osallistuvat harjoitteluun omalla vastuullaan.<\/li>\n<li>Kaikkien osallistujien on huolehdittava omasta k\u00e4sihygieniastaan (kts. ohjeet alla), jonka lis\u00e4ksi on v\u00e4ltett\u00e4v\u00e4 fyysist\u00e4 kontaktia kuten yl\u00e4femmoja, l\u00e4psyj\u00e4, halauksia.<\/li>\n<li>Pese k\u00e4det heti harjoituksiin tullessa ja harjoituksista l\u00e4htiess\u00e4 (k\u00e4si\u00e4 tulisi pest\u00e4 v\u00e4hint\u00e4\u00e4n 30s ajan). Kts. <a href=\"https:\/\/thl.fi\/fi\/web\/infektiotaudit-ja-rokotukset\/taudit-ja-torjunta\/infektioiden-ehkaisy-ja-torjuntaohjeita\/kasienpesu-ja-yskiminen\">THL ohje<\/a>.<\/li>\n<li>Koska t\u00e4m\u00e4 harvoin toteutuu, niin suosittelemme k\u00e4sien desinfiointia saliin ment\u00e4ess\u00e4 ja sielt\u00e4 tultaessa (valmentajat ottavat k\u00e4sien desinfiointiaineen OsVan yhteisest\u00e4 varastosta salin ovelle).<\/li>\n<li>Osallistujat k\u00e4ytt\u00e4v\u00e4t\u00a0mahdollisimman v\u00e4h\u00e4n pukuhuone- tai muita sosiaalitiloja, joten tulethan harjoituksiin treenivaatteet p\u00e4\u00e4ll\u00e4.<\/li>\n<li>Eri joukkueet kulkevat saliin eri pukuhuoneiden kautta. Mik\u00e4li pukuhuoneessa on kuitenkin toinen joukkue, odotathan joukkueesi kanssa pukuhuoneen ulkopuolella, ett\u00e4 edellinen joukkue on poistunut pukuhuoneesta.<\/li>\n<li>Mik\u00e4li joukkue on k\u00e4ytt\u00e4nyt harjoituksissa OsVan yhteisi\u00e4 v\u00e4lineit\u00e4, ne tulee desinfioida harjoituksen j\u00e4lkeen. Desinfiointiv\u00e4lineet l\u00f6ytyv\u00e4t OsVan yhteisest\u00e4 varastosta.<\/li>\n<li>Turvaet\u00e4isyytt\u00e4 pyrit\u00e4\u00e4n pit\u00e4m\u00e4\u00e4n mahdollisuuksien mukaan.<\/li>\n<li>Saattajien ja huoltajien oleskelua tiloissa v\u00e4ltet\u00e4\u00e4n. Milloin t\u00e4t\u00e4 ei voida v\u00e4ltt\u00e4\u00e4, tulee saattajilla ja huoltajilla olla kasvomaskit p\u00e4\u00e4ll\u00e4 koko tilassa oleskelun ajan.<\/li>\n<li>Yli 15 vuotiailla tulee olla kasvomaskit k\u00e4yt\u00f6ss\u00e4 saapuessaan ja l\u00e4htiess\u00e4\u00e4n harjoituksista. Harjoitusten aikana maskia ei tarvita. Jokainen hankkii kasvomaskinsa itse. Kts ohje kasvosuojainten k\u00e4yt\u00f6st\u00e4 <a href=\"https:\/\/www.ppshp.fi\/dokumentit\/_layouts\/15\/WopiFrame.aspx?sourcedoc=%7B5FC28B77-EFB6-45E4-BB34-279DFE609F6B%7D&amp;file=Suu-nen%C3%A4suojuksen%20pukeminen%20ja%20riisuminen%20-%20kuminauhamalli.docx&amp;action=default&amp;DefaultItemOpen=1\">t\u00e4\u00e4lt\u00e4<\/a>.<\/li>\n<li>Suositus on, ett\u00e4 harjoituksia pidet\u00e4\u00e4n ulkona tai et\u00e4n\u00e4, mik\u00e4li se milt\u00e4\u00e4n osin on mahdollista.<\/li>\n<\/ol>\n<h2>Muistattehan noudattaa k\u00e4sihygienia ja maskisuosituksia my\u00f6s harjoituksien ulkopuolella!<\/h2>\n<p>Pysyt\u00e4\u00e4n tervein\u00e4!<\/p>\n<p>&nbsp;<\/p>\n<h2>Tervetuloa Pes\u00e4pallojaoston kauden p\u00e4\u00e4tt\u00e4reihin Kirkonkyl\u00e4n pesiskent\u00e4ll\u00e4 sunnuntaina 27.9. klo14 alkaen.<\/h2>\n<p>&nbsp;<\/p>\n<h2>Pesiskoulu ja harrastepesis 2020<\/h2>\n<p>OsVa j\u00e4rjest\u00e4\u00e4 kes\u00e4ll\u00e4 2020 pesiskoulun hein\u00e4-elokuussa, sek\u00e4 harrastepesist\u00e4.<\/p>\n<p>Pesiskoulun tarkemmat tiedot ja ilmoittautumisohjeet t\u00e4\u00e4lt\u00e4: <a href=\"https:\/\/www.oulunsalonvasama.fi\/pesapallo\/pesiskoulu\/\">https:\/\/www.oulunsalonvasama.fi\/pesapallo\/pesiskoulu\/<\/a><\/p>\n<p>Harrastepesiksen tarkemmat tiedot ilmoitetaan hieman my\u00f6hemmin.<\/p>\n<p>&nbsp;<\/p>\n<h2>Tiedote 5.4.2020<\/h2>\n<p>Oulunsalon Vasama ry:n s\u00e4\u00e4nt\u00f6m\u00e4\u00e4r\u00e4inen kev\u00e4tkokous siirtyy koronaepidemian vuoksi pidett\u00e4v\u00e4ksi my\u00f6hemmin ilmoitettavana ajankohtana. Yhteisharjoituksien ja kilpailutoiminnan keskeytys jatkuu valtion m\u00e4\u00e4ritt\u00e4m\u00e4n ajan. Seura ja jaosto seuraavat tilanteen kehittymist\u00e4 sek\u00e4 viranomaisten ja liittojen viestint\u00e4\u00e4. Uusista p\u00e4\u00e4t\u00f6ksist\u00e4 tiedotetaan viipym\u00e4tt\u00e4.<\/p>\n<p>Suosittelemme henkil\u00f6kohtaista treenaamista ja pit\u00e4m\u00e4\u00e4n huolta hyv\u00e4st\u00e4 k\u00e4sihygieniasta. Pysyt\u00e4\u00e4n tervein\u00e4!<\/p>\n<h2>3.4.2020 Tuomarikoulutukset 2020<\/h2>\n<p>Tuomarikoulutukset j\u00e4rjestet\u00e4\u00e4n verkkokoulutuksena.<br \/>\n<a href=\"https:\/\/www.oulunsalonvasama.fi\/pesapallo\/tuomarit\/tuomarikoulutukset-2020\/\">Lis\u00e4tietoa koulutuksista<\/a><\/p>\n<h2>Tiedote 12.3.2020<\/h2>\n<p>Johtokunta on k\u00e4sitellyt Korona-viruksen vaikutuksia seuran toimintaan kokouksessaan 12.3. ja p\u00e4\u00e4tt\u00e4nyt keskeytt\u00e4\u00e4 kaikki Vasaman yhteisharjoitukset ja kilpailutoiminnan toistaiseksi koronaepidemian vuoksi.<\/p>\n<p>Tuomarikoulutukset on peruttu. Uudet ajat ilmoitetaan mahdollisimman pian.<\/p>\n<h3><a href=\"http:\/\/www.oulunsalonvasama.fi\/pesapallo\/wp-content\/uploads\/tuomarikoulutus-2020-scaled.jpg\"><img loading=\"lazy\" decoding=\"async\" class=\"alignleft wp-image-4317\" src=\"http:\/\/www.oulunsalonvasama.fi\/pesapallo\/wp-content\/uploads\/tuomarikoulutus-2020-724x1024.jpg\" alt=\"\" width=\"507\" height=\"718\" srcset=\"https:\/\/www.oulunsalonvasama.fi\/pesapallo\/wp-content\/uploads\/tuomarikoulutus-2020-724x1024.jpg 724w, https:\/\/www.oulunsalonvasama.fi\/pesapallo\/wp-content\/uploads\/tuomarikoulutus-2020-212x300.jpg 212w, https:\/\/www.oulunsalonvasama.fi\/pesapallo\/wp-content\/uploads\/tuomarikoulutus-2020-768x1086.jpg 768w, https:\/\/www.oulunsalonvasama.fi\/pesapallo\/wp-content\/uploads\/tuomarikoulutus-2020-1086x1536.jpg 1086w, https:\/\/www.oulunsalonvasama.fi\/pesapallo\/wp-content\/uploads\/tuomarikoulutus-2020-1448x2048.jpg 1448w, https:\/\/www.oulunsalonvasama.fi\/pesapallo\/wp-content\/uploads\/tuomarikoulutus-2020-scaled.jpg 1810w\" sizes=\"auto, (max-width: 507px) 100vw, 507px\" \/><\/a><\/h3>\n<h3><strong>Seuran syyskokous j\u00e4rjestettiin 15.12.2019 klo 15 Oulunsalon Yhteis\u00f6talolla.<\/strong><\/h3>\n<p>&nbsp;<\/p>\n<h2>Kiitokset kaikille kaudesta 2019!<\/h2>\n<p>Kuvassa jaoston p\u00e4\u00e4tt\u00e4j\u00e4isiss\u00e4 paikalla olleet kauden palkitut.<\/p>\n<p>Vasemmalta Emilia, Susanna, Iida, Arttu, Jade, Krista ja Scarlett.<\/p>\n<p><a href=\"http:\/\/www.oulunsalonvasama.fi\/pesapallo\/wp-content\/uploads\/Jaoston-p\u00e4\u00e4tt\u00e4j\u00e4isten-palkitut-2019_1.png\"><img loading=\"lazy\" decoding=\"async\" class=\"alignleft wp-image-4255\" src=\"http:\/\/www.oulunsalonvasama.fi\/pesapallo\/wp-content\/uploads\/Jaoston-p\u00e4\u00e4tt\u00e4j\u00e4isten-palkitut-2019_1-1024x655.png\" alt=\"\" width=\"515\" height=\"330\" srcset=\"https:\/\/www.oulunsalonvasama.fi\/pesapallo\/wp-content\/uploads\/Jaoston-p\u00e4\u00e4tt\u00e4j\u00e4isten-palkitut-2019_1-1024x655.png 1024w, https:\/\/www.oulunsalonvasama.fi\/pesapallo\/wp-content\/uploads\/Jaoston-p\u00e4\u00e4tt\u00e4j\u00e4isten-palkitut-2019_1-300x192.png 300w, https:\/\/www.oulunsalonvasama.fi\/pesapallo\/wp-content\/uploads\/Jaoston-p\u00e4\u00e4tt\u00e4j\u00e4isten-palkitut-2019_1-768x491.png 768w, https:\/\/www.oulunsalonvasama.fi\/pesapallo\/wp-content\/uploads\/Jaoston-p\u00e4\u00e4tt\u00e4j\u00e4isten-palkitut-2019_1.png 1608w\" sizes=\"auto, (max-width: 515px) 100vw, 515px\" \/><\/a><\/p>\n<p>Kauden 2019 palkitut ovat:<\/p>\n<p>ET: Jade ja Krista<\/p>\n<p>CP: Roope ja Arttu<\/p>\n<p>BT: Ronja ja Iida<\/p>\n<p>NSS: Aura ja Julia<\/p>\n<p>NMS: Jenna<\/p>\n<p>NYP: Emilia<\/p>\n<p>Vuoden Tytt\u00f6tuomari: Scarlett<\/p>\n<p>Vuoden Poikatuomari: Antti<\/p>\n<p>Vuoden Valmentaja: Susanna<\/p>\n<p>Vuoden Puuhahenkil\u00f6: Eveliina<\/p>\n<p>Pitk\u00e4j\u00e4nteisest\u00e4 ty\u00f6st\u00e4 jaosto palkitsi my\u00f6s Juuso Nurmisen ja Jouni Kaakisen.<\/p>\n<p>Onnea kaikille palkituille!<\/p>\n<p>&nbsp;<\/p>\n<p>Kiitokset kaikille pelaajille, toimijoille sek\u00e4 huoltajille!<\/p>\n<p>Kovaa vauhtia kohti ensi kautta, uudella ilmeell\u00e4 ja innolla!<\/p>\n<p>&nbsp;<\/p>\n<p>Tervetuloa Pesis jaoston kauden p\u00e4\u00e4tt\u00e4reihin 18.9.19 klo17:30 Kirkonkyl\u00e4n koulun saliin.<\/p>\n<p>&nbsp;<\/p>\n<p><a href=\"http:\/\/www.oulunsalonvasama.fi\/pesapallo\/wp-content\/uploads\/IMG_2019-05-05_20-46-16.jpg\"><img loading=\"lazy\" decoding=\"async\" class=\"alignleft wp-image-4239\" src=\"http:\/\/www.oulunsalonvasama.fi\/pesapallo\/wp-content\/uploads\/IMG_2019-05-05_20-46-16.jpg\" alt=\"\" width=\"507\" height=\"507\" srcset=\"https:\/\/www.oulunsalonvasama.fi\/pesapallo\/wp-content\/uploads\/IMG_2019-05-05_20-46-16.jpg 720w, https:\/\/www.oulunsalonvasama.fi\/pesapallo\/wp-content\/uploads\/IMG_2019-05-05_20-46-16-150x150.jpg 150w, https:\/\/www.oulunsalonvasama.fi\/pesapallo\/wp-content\/uploads\/IMG_2019-05-05_20-46-16-300x300.jpg 300w\" sizes=\"auto, (max-width: 507px) 100vw, 507px\" \/><\/a><\/p>\n<p>Seuran Vuosikokouksessa palkittiin j\u00e4lleen viime vuoden ansioituneimmat.<\/p>\n<p>Pes\u00e4pallosta palkinnon saivat Emilia Mahlakaarto, Vuoden Toivo, sek\u00e4 Jarkko Hattara, Vuoden Valmentaja. Jorma Pasanen palkittiin Puuhamies palkinnolla pes\u00e4pallo- ja hiihtojaostojen eteen tehdyst\u00e4 vuosien ty\u00f6st\u00e4.<\/p>\n<p>Onnea Emilialle, Jarkolle ja Jormalle sek\u00e4 muille palkituille!<\/p>\n<p><a href=\"http:\/\/www.oulunsalonvasama.fi\/pesapallo\/wp-content\/uploads\/jussinkisa-2019-vihr.jpg\"><img loading=\"lazy\" decoding=\"async\" class=\"alignleft wp-image-4161\" src=\"http:\/\/www.oulunsalonvasama.fi\/pesapallo\/wp-content\/uploads\/jussinkisa-2019-vihr-724x1024.jpg\" alt=\"\" width=\"516\" height=\"731\" srcset=\"https:\/\/www.oulunsalonvasama.fi\/pesapallo\/wp-content\/uploads\/jussinkisa-2019-vihr-724x1024.jpg 724w, https:\/\/www.oulunsalonvasama.fi\/pesapallo\/wp-content\/uploads\/jussinkisa-2019-vihr-212x300.jpg 212w, https:\/\/www.oulunsalonvasama.fi\/pesapallo\/wp-content\/uploads\/jussinkisa-2019-vihr-768x1086.jpg 768w\" sizes=\"auto, (max-width: 516px) 100vw, 516px\" \/><\/a><\/p>\n<p><a href=\"http:\/\/www.oulunsalonvasama.fi\/pesapallo\/wp-content\/uploads\/OsVa-Pesiskoulu-2019.png\"><img loading=\"lazy\" decoding=\"async\" class=\"alignleft wp-image-4122\" src=\"http:\/\/www.oulunsalonvasama.fi\/pesapallo\/wp-content\/uploads\/OsVa-Pesiskoulu-2019-728x1024.png\" alt=\"\" width=\"461\" height=\"649\" srcset=\"https:\/\/www.oulunsalonvasama.fi\/pesapallo\/wp-content\/uploads\/OsVa-Pesiskoulu-2019-728x1024.png 728w, https:\/\/www.oulunsalonvasama.fi\/pesapallo\/wp-content\/uploads\/OsVa-Pesiskoulu-2019-213x300.png 213w, https:\/\/www.oulunsalonvasama.fi\/pesapallo\/wp-content\/uploads\/OsVa-Pesiskoulu-2019-768x1080.png 768w\" sizes=\"auto, (max-width: 461px) 100vw, 461px\" \/><\/a><\/p>\n<p><a href=\"http:\/\/www.oulunsalonvasama.fi\/pesapallo\/wp-content\/uploads\/KES\u00c4SETELI-2019.png\"><img loading=\"lazy\" decoding=\"async\" class=\"alignleft wp-image-4119\" src=\"http:\/\/www.oulunsalonvasama.fi\/pesapallo\/wp-content\/uploads\/KES\u00c4SETELI-2019.png\" alt=\"\" width=\"520\" height=\"390\" srcset=\"https:\/\/www.oulunsalonvasama.fi\/pesapallo\/wp-content\/uploads\/KES\u00c4SETELI-2019.png 960w, https:\/\/www.oulunsalonvasama.fi\/pesapallo\/wp-content\/uploads\/KES\u00c4SETELI-2019-300x225.png 300w, https:\/\/www.oulunsalonvasama.fi\/pesapallo\/wp-content\/uploads\/KES\u00c4SETELI-2019-768x576.png 768w\" sizes=\"auto, (max-width: 520px) 100vw, 520px\" \/><\/a><\/p>\n<p><a href=\"http:\/\/www.oulunsalonvasama.fi\/pesapallo\/wp-content\/uploads\/osva-kausikortti-mainos-_uusi_2.jpg\"><img loading=\"lazy\" decoding=\"async\" class=\"alignleft wp-image-4117\" src=\"http:\/\/www.oulunsalonvasama.fi\/pesapallo\/wp-content\/uploads\/osva-kausikortti-mainos-_uusi_2-722x1024.jpg\" alt=\"\" width=\"482\" height=\"685\" srcset=\"https:\/\/www.oulunsalonvasama.fi\/pesapallo\/wp-content\/uploads\/osva-kausikortti-mainos-_uusi_2-722x1024.jpg 722w, https:\/\/www.oulunsalonvasama.fi\/pesapallo\/wp-content\/uploads\/osva-kausikortti-mainos-_uusi_2-211x300.jpg 211w, https:\/\/www.oulunsalonvasama.fi\/pesapallo\/wp-content\/uploads\/osva-kausikortti-mainos-_uusi_2-768x1090.jpg 768w, https:\/\/www.oulunsalonvasama.fi\/pesapallo\/wp-content\/uploads\/osva-kausikortti-mainos-_uusi_2.jpg 1748w\" sizes=\"auto, (max-width: 482px) 100vw, 482px\" \/><\/a><\/p>\n<p><a href=\"http:\/\/www.oulunsalonvasama.fi\/pesapallo\/wp-content\/uploads\/OsVa-PP-Tuomarikoulutukset-2019.png\"><img loading=\"lazy\" decoding=\"async\" class=\"alignleft wp-image-4112\" src=\"http:\/\/www.oulunsalonvasama.fi\/pesapallo\/wp-content\/uploads\/OsVa-PP-Tuomarikoulutukset-2019-1024x576.png\" alt=\"\" width=\"544\" height=\"306\" srcset=\"https:\/\/www.oulunsalonvasama.fi\/pesapallo\/wp-content\/uploads\/OsVa-PP-Tuomarikoulutukset-2019-1024x576.png 1024w, https:\/\/www.oulunsalonvasama.fi\/pesapallo\/wp-content\/uploads\/OsVa-PP-Tuomarikoulutukset-2019-300x169.png 300w, https:\/\/www.oulunsalonvasama.fi\/pesapallo\/wp-content\/uploads\/OsVa-PP-Tuomarikoulutukset-2019-768x432.png 768w, https:\/\/www.oulunsalonvasama.fi\/pesapallo\/wp-content\/uploads\/OsVa-PP-Tuomarikoulutukset-2019.png 1280w\" sizes=\"auto, (max-width: 544px) 100vw, 544px\" \/><\/a><\/p>\n<p><a href=\"http:\/\/www.oulunsalonvasama.fi\/pesapallo\/wp-content\/uploads\/Arvonta-2019.png\"><img loading=\"lazy\" decoding=\"async\" class=\"alignleft wp-image-4104\" src=\"http:\/\/www.oulunsalonvasama.fi\/pesapallo\/wp-content\/uploads\/Arvonta-2019-947x1024.png\" alt=\"\" width=\"508\" height=\"549\" srcset=\"https:\/\/www.oulunsalonvasama.fi\/pesapallo\/wp-content\/uploads\/Arvonta-2019-947x1024.png 947w, https:\/\/www.oulunsalonvasama.fi\/pesapallo\/wp-content\/uploads\/Arvonta-2019-277x300.png 277w, https:\/\/www.oulunsalonvasama.fi\/pesapallo\/wp-content\/uploads\/Arvonta-2019-768x831.png 768w, https:\/\/www.oulunsalonvasama.fi\/pesapallo\/wp-content\/uploads\/Arvonta-2019.png 1052w\" sizes=\"auto, (max-width: 508px) 100vw, 508px\" \/><\/a><\/p>\n<p>Tervetuloa katsomaan Naisten Ykk\u00f6spesiksen harkkapelej\u00e4 Ouluhalliin:<br \/>\nSu 17.2 klo 10 OsVa &#8211; TyTe NYP<br \/>\nLa 23.2 klo 14 OsVa &#8211; KeKi NSU<br \/>\nLa 9.3 klo 15 KeKi NSU &#8211; OsVa<br \/>\nSu 31.3 klo 14 OsVa &#8211; MuPS NSS<\/p>\n<p><a href=\"http:\/\/www.oulunsalonvasama.fi\/pesapallo\/wp-content\/uploads\/Talvi-pesiskerhot-2019.png\"><img loading=\"lazy\" decoding=\"async\" class=\"alignleft wp-image-4076\" src=\"http:\/\/www.oulunsalonvasama.fi\/pesapallo\/wp-content\/uploads\/Talvi-pesiskerhot-2019-1024x1024.png\" alt=\"\" width=\"503\" height=\"503\" srcset=\"https:\/\/www.oulunsalonvasama.fi\/pesapallo\/wp-content\/uploads\/Talvi-pesiskerhot-2019-1024x1024.png 1024w, https:\/\/www.oulunsalonvasama.fi\/pesapallo\/wp-content\/uploads\/Talvi-pesiskerhot-2019-150x150.png 150w, https:\/\/www.oulunsalonvasama.fi\/pesapallo\/wp-content\/uploads\/Talvi-pesiskerhot-2019-300x300.png 300w, https:\/\/www.oulunsalonvasama.fi\/pesapallo\/wp-content\/uploads\/Talvi-pesiskerhot-2019-768x768.png 768w, https:\/\/www.oulunsalonvasama.fi\/pesapallo\/wp-content\/uploads\/Talvi-pesiskerhot-2019.png 1600w\" sizes=\"auto, (max-width: 503px) 100vw, 503px\" \/><\/a><\/p>\n<p><a href=\"http:\/\/www.oulunsalonvasama.fi\/pesapallo\/wp-content\/uploads\/E-ja-C-joukkueet-talvi-2019.png\"><img loading=\"lazy\" decoding=\"async\" class=\"alignleft wp-image-4075\" src=\"http:\/\/www.oulunsalonvasama.fi\/pesapallo\/wp-content\/uploads\/E-ja-C-joukkueet-talvi-2019-1024x1024.png\" alt=\"\" width=\"505\" height=\"505\" srcset=\"https:\/\/www.oulunsalonvasama.fi\/pesapallo\/wp-content\/uploads\/E-ja-C-joukkueet-talvi-2019-1024x1024.png 1024w, https:\/\/www.oulunsalonvasama.fi\/pesapallo\/wp-content\/uploads\/E-ja-C-joukkueet-talvi-2019-150x150.png 150w, https:\/\/www.oulunsalonvasama.fi\/pesapallo\/wp-content\/uploads\/E-ja-C-joukkueet-talvi-2019-300x300.png 300w, https:\/\/www.oulunsalonvasama.fi\/pesapallo\/wp-content\/uploads\/E-ja-C-joukkueet-talvi-2019-768x768.png 768w, https:\/\/www.oulunsalonvasama.fi\/pesapallo\/wp-content\/uploads\/E-ja-C-joukkueet-talvi-2019.png 1600w\" sizes=\"auto, (max-width: 505px) 100vw, 505px\" \/><\/a><\/p>\n<h1><a href=\"http:\/\/www.oulunsalonvasama.fi\/pesapallo\/wp-content\/uploads\/sketch-1547889074164.png\"><img loading=\"lazy\" decoding=\"async\" class=\"alignleft wp-image-4066\" src=\"http:\/\/www.oulunsalonvasama.fi\/pesapallo\/wp-content\/uploads\/sketch-1547889074164.png\" alt=\"\" width=\"414\" height=\"581\" srcset=\"https:\/\/www.oulunsalonvasama.fi\/pesapallo\/wp-content\/uploads\/sketch-1547889074164.png 720w, https:\/\/www.oulunsalonvasama.fi\/pesapallo\/wp-content\/uploads\/sketch-1547889074164-213x300.png 213w\" sizes=\"auto, (max-width: 414px) 100vw, 414px\" \/><\/a><\/h1>\n<h1>OsVa Pesisjaosto l\u00f6ytyy Ouluhallilla olevasta Liikukko N\u00e4\u00e4 -tapahtumasta 19.1.19. Tervetuloa!<\/h1>\n<p>&nbsp;<\/p>\n<h1><strong>Tom Roos aloitti OsVa Pesiksen juniorip\u00e4\u00e4llikk\u00f6n\u00e4 1.12.2018<\/strong><\/h1>\n<p><a href=\"http:\/\/www.oulunsalonvasama.fi\/pesapallo\/wp-content\/uploads\/Tom-Roos.jpg\"><img loading=\"lazy\" decoding=\"async\" class=\"alignleft size-full wp-image-4054\" src=\"http:\/\/www.oulunsalonvasama.fi\/pesapallo\/wp-content\/uploads\/Tom-Roos.jpg\" alt=\"\" width=\"156\" height=\"260\" \/><\/a><\/p>\n<p>Oulunsalon Vasama ry Pes\u00e4pallojaosto on valinnut juniorip\u00e4\u00e4llik\u00f6kseen Hyvink\u00e4\u00e4l\u00e4isl\u00e4ht\u00f6isen 30 vuotiaan Tom Roosin.\u00a0Juniorip\u00e4\u00e4llik\u00f6n teht\u00e4v\u00e4ss\u00e4\u00e4n h\u00e4n vastaa jaoston junioritoiminnan kehitt\u00e4misest\u00e4.<\/p>\n<p>Tomin valmennusura on l\u00e4htenyt aikanaan liikkeelle pesiskouluohjauksesta Hyvink\u00e4\u00e4ll\u00e4, jonka j\u00e4lkeen h\u00e4n hypp\u00e4si joukkuevalmennukseen \u2013 tuolla tiell\u00e4 Tom on edelleen. Matkan varrella h\u00e4n on valmentanut tytt\u00f6j\u00e4 F:st\u00e4 naisiin ja poikia G:st\u00e4 C:hen. Etel\u00e4n alueen seuroista ovat tulleet tutuiksi valmennuksen tai pelaamisen kautta Keravan pesis, Hyvink\u00e4\u00e4n tahko, Kinnarin pesis ja H\u00e4meenlinnan paukku. Edell\u00e4mainittujen lis\u00e4ksi h\u00e4n on k\u00e4ynyt hakemassa oppia Joensuun mailasta ja Kiteen pallosta. Valmennuspuussa vuosirenkaita Tomilla on nyt 12.<\/p>\n<p>Osvassa Tom haluaa olla luomassa entisest\u00e4\u00e4n parempia edellytyksi\u00e4 alueen lapsille ja nuorille ottaa liikunta-harrastus osaksi el\u00e4m\u00e4\u00e4. Ajatuksena ei ole tarjota opastusta vain pes\u00e4palloon vaan ottaa vastuuta mahdollisimman monipuolisesta liikuntakasvatuksesta. Tomin sanoin &#8221;Monipuolinen liikunta johtaa lapselle mukavampaan arkeen, parempaan keskittymiskykyyn ja ehk\u00e4 elinik\u00e4iseen harrastukseen. T\u00e4m\u00e4 sama monipuolisuus lapsena toki luo my\u00f6s parhaat edellytykset kehitty\u00e4 haluamassaan lajissa aina huipulle asti! Haluan olla osana luomassa tuota t\u00e4rke\u00e4\u00e4 junioripolkua.&#8221;<\/p>\n<p>Toivotamme Tomin l\u00e4mpim\u00e4sti tervetulleeksi Oulunsaloon!<\/p>\n<p>T\u00e4h\u00e4n toimintaan<br \/>\nolemme saaneet opetus- ja kulttuuriministeri\u00f6n jakamaa seuratukea.<\/p>\n<div>OsVa PP jaoston puolesta,<\/div>\n<div>Anu Silfverhuth<\/div>\n<div>Puheenjohtaja<\/div>\n<p>&nbsp;<\/p>\n<h2><a href=\"http:\/\/www.oulunsalonvasama.fi\/pesapallo\/wp-content\/uploads\/NYP-Joulu-3.png\" rel=\"Joululahja, pesis, kausikortti, NYP, OsVa, Oulunsalo\"><img loading=\"lazy\" decoding=\"async\" class=\"alignleft wp-image-4057\" src=\"http:\/\/www.oulunsalonvasama.fi\/pesapallo\/wp-content\/uploads\/NYP-Joulu-3-1024x783.png\" alt=\"\" width=\"499\" height=\"381\" srcset=\"https:\/\/www.oulunsalonvasama.fi\/pesapallo\/wp-content\/uploads\/NYP-Joulu-3-1024x783.png 1024w, https:\/\/www.oulunsalonvasama.fi\/pesapallo\/wp-content\/uploads\/NYP-Joulu-3-300x229.png 300w, https:\/\/www.oulunsalonvasama.fi\/pesapallo\/wp-content\/uploads\/NYP-Joulu-3-768x588.png 768w, https:\/\/www.oulunsalonvasama.fi\/pesapallo\/wp-content\/uploads\/NYP-Joulu-3.png 1485w\" sizes=\"auto, (max-width: 499px) 100vw, 499px\" \/><\/a><\/h2>\n<h2>Kausikortit nyt myynniss\u00e4! Tuu n\u00e4\u00e4ki kannustamaan!<\/h2>\n<p><a href=\"https:\/\/www.oulunsalonvasama.fi\/pesapallo\/nyp-kausikortti\/\" target=\"_blank\" rel=\"noopener noreferrer\"><img loading=\"lazy\" decoding=\"async\" class=\"https:\/\/www.oulunsalonvasama.fi\/pesapallo\/nyp-kausikortti\/ alignleft wp-image-4037\" title=\"OsVa NYP Kausikortti 2019\" src=\"http:\/\/www.oulunsalonvasama.fi\/pesapallo\/wp-content\/uploads\/NYP-kausikorttimainos-2019-722x1024.jpg\" alt=\"\" width=\"414\" height=\"587\" srcset=\"https:\/\/www.oulunsalonvasama.fi\/pesapallo\/wp-content\/uploads\/NYP-kausikorttimainos-2019-722x1024.jpg 722w, https:\/\/www.oulunsalonvasama.fi\/pesapallo\/wp-content\/uploads\/NYP-kausikorttimainos-2019-211x300.jpg 211w, https:\/\/www.oulunsalonvasama.fi\/pesapallo\/wp-content\/uploads\/NYP-kausikorttimainos-2019-768x1089.jpg 768w, https:\/\/www.oulunsalonvasama.fi\/pesapallo\/wp-content\/uploads\/NYP-kausikorttimainos-2019.jpg 1166w\" sizes=\"auto, (max-width: 414px) 100vw, 414px\" \/><\/a><\/p>\n<p>https:\/\/www.kempeleenkiri.fi\/pesis\/kausikortit<\/p>\n<h2>Yhteisty\u00f6ll\u00e4 NYP paikka &#8211; luodaan yhdess\u00e4 vahvempaa pelaajapolkua alueen naispes\u00e4palloilijoille.<\/h2>\n<p>https:\/\/www.kempeleenkiri.fi\/pesis\/naisten-superpesis<\/p>\n<p><a href=\"http:\/\/www.oulunsalonvasama.fi\/pesapallo\/wp-content\/uploads\/johtajamiehet-NYP.png\"><img loading=\"lazy\" decoding=\"async\" class=\"alignleft size-full wp-image-3992\" src=\"http:\/\/www.oulunsalonvasama.fi\/pesapallo\/wp-content\/uploads\/johtajamiehet-NYP.png\" alt=\"\" width=\"475\" height=\"451\" srcset=\"https:\/\/www.oulunsalonvasama.fi\/pesapallo\/wp-content\/uploads\/johtajamiehet-NYP.png 475w, https:\/\/www.oulunsalonvasama.fi\/pesapallo\/wp-content\/uploads\/johtajamiehet-NYP-300x285.png 300w\" sizes=\"auto, (max-width: 475px) 100vw, 475px\" \/><\/a><\/p>\n<h1>OsVassa pelataan naisten Ykk\u00f6spesist\u00e4 kaudella 2019<\/h1>\n<p>OsVa pelaa NYP yhteisty\u00f6ss\u00e4 KeKin kanssa.<\/p>\n<h1>Kes\u00e4n 2018 pesiskoulu ja harrastepesis ovat p\u00e4\u00e4ttyneet. Kiitos kaikille kuluneesta kaudesta ja mukavaa syksy\u00e4!<\/h1>\n<p>Joukkueiden toiminnat alkavat kunnolla lokakuussa sis\u00e4ll\u00e4. Osa kuitenkin treenaa viel\u00e4 ulkona, joten halutessasi mukaan toimintaan ota yhteytt\u00e4 joukkueiden yhteyshenkil\u00f6ihin!<\/p>\n<p>Tervetuloa mukaan!<\/p>\n<h1>Harrastepesis peruttu 26.8.!<\/h1>\n<h1>Harrastepesis peruttu 29.7.!<\/h1>\n<h1>Pesiskouluun mahtuu hyvin mukaan milloin vain! Kesken kes\u00e4nkin voi tulla pelailemaan. Tervetuloa!<\/h1>\n<p><strong>Tervetuloa Oulunsalon Vasama ry:n s\u00e4\u00e4nt\u00f6m\u00e4\u00e4r\u00e4iseen Kev\u00e4tkokoukseen sunnuntaina 6.5.2018 klo 19:00 Oulunsalon Yhteis\u00f6talon (ent. kunnantalo) 2. kerrokseen.<\/strong><\/p>\n<p><a href=\"http:\/\/www.oulunsalonvasama.fi\/pesapallo\/wp-content\/uploads\/JUSSIN-KISA-2018-1.png\"><img loading=\"lazy\" decoding=\"async\" class=\"alignleft wp-image-3911\" src=\"http:\/\/www.oulunsalonvasama.fi\/pesapallo\/wp-content\/uploads\/JUSSIN-KISA-2018-1.png\" alt=\"\" width=\"479\" height=\"360\" srcset=\"https:\/\/www.oulunsalonvasama.fi\/pesapallo\/wp-content\/uploads\/JUSSIN-KISA-2018-1.png 960w, https:\/\/www.oulunsalonvasama.fi\/pesapallo\/wp-content\/uploads\/JUSSIN-KISA-2018-1-300x225.png 300w, https:\/\/www.oulunsalonvasama.fi\/pesapallo\/wp-content\/uploads\/JUSSIN-KISA-2018-1-768x576.png 768w\" sizes=\"auto, (max-width: 479px) 100vw, 479px\" \/><\/a>\u00a0<a href=\"http:\/\/www.oulunsalonvasama.fi\/pesapallo\/wp-content\/uploads\/Kes\u00e4t\u00f6ihin-OsValle-2018.png\"><img loading=\"lazy\" decoding=\"async\" class=\"alignleft wp-image-3893 \" src=\"http:\/\/www.oulunsalonvasama.fi\/pesapallo\/wp-content\/uploads\/Kes\u00e4t\u00f6ihin-OsValle-2018.png\" alt=\"\" width=\"479\" height=\"359\" srcset=\"https:\/\/www.oulunsalonvasama.fi\/pesapallo\/wp-content\/uploads\/Kes\u00e4t\u00f6ihin-OsValle-2018.png 1500w, https:\/\/www.oulunsalonvasama.fi\/pesapallo\/wp-content\/uploads\/Kes\u00e4t\u00f6ihin-OsValle-2018-300x225.png 300w, https:\/\/www.oulunsalonvasama.fi\/pesapallo\/wp-content\/uploads\/Kes\u00e4t\u00f6ihin-OsValle-2018-768x576.png 768w, https:\/\/www.oulunsalonvasama.fi\/pesapallo\/wp-content\/uploads\/Kes\u00e4t\u00f6ihin-OsValle-2018-1024x768.png 1024w\" sizes=\"auto, (max-width: 479px) 100vw, 479px\" \/><\/a><\/p>\n<div id=\"attachment_3861\" style=\"width: 484px\" class=\"wp-caption alignleft\"><a href=\"http:\/\/www.oulunsalonvasama.fi\/pesapallo\/wp-content\/uploads\/OSVAN-TUOMARIKOULUTUKSET-2018.png\"><img loading=\"lazy\" decoding=\"async\" aria-describedby=\"caption-attachment-3861\" class=\"wp-image-3861\" title=\"Pes\u00e4pallotuomarin koulutukset oulunsalo\" src=\"http:\/\/www.oulunsalonvasama.fi\/pesapallo\/wp-content\/uploads\/OSVAN-TUOMARIKOULUTUKSET-2018-1024x576.png\" alt=\"\" width=\"474\" height=\"267\" srcset=\"https:\/\/www.oulunsalonvasama.fi\/pesapallo\/wp-content\/uploads\/OSVAN-TUOMARIKOULUTUKSET-2018-1024x576.png 1024w, https:\/\/www.oulunsalonvasama.fi\/pesapallo\/wp-content\/uploads\/OSVAN-TUOMARIKOULUTUKSET-2018-300x169.png 300w, https:\/\/www.oulunsalonvasama.fi\/pesapallo\/wp-content\/uploads\/OSVAN-TUOMARIKOULUTUKSET-2018-768x432.png 768w, https:\/\/www.oulunsalonvasama.fi\/pesapallo\/wp-content\/uploads\/OSVAN-TUOMARIKOULUTUKSET-2018.png 1280w\" sizes=\"auto, (max-width: 474px) 100vw, 474px\" \/><\/a><p id=\"caption-attachment-3861\" class=\"wp-caption-text\">OsVa pes\u00e4pallon tuomarikoulutukset vuonna 2018<\/p><\/div>\n<div id=\"attachment_3826\" style=\"width: 485px\" class=\"wp-caption alignleft\"><a href=\"http:\/\/www.oulunsalonvasama.fi\/pesapallo\/wp-content\/uploads\/EP-treenit-2018_1-kev\u00e4t.png\"><img loading=\"lazy\" decoding=\"async\" aria-describedby=\"caption-attachment-3826\" class=\"wp-image-3826\" title=\"EP treenit\" src=\"http:\/\/www.oulunsalonvasama.fi\/pesapallo\/wp-content\/uploads\/EP-treenit-2018_1-kev\u00e4t-1024x931.png\" alt=\"\" width=\"475\" height=\"433\" srcset=\"https:\/\/www.oulunsalonvasama.fi\/pesapallo\/wp-content\/uploads\/EP-treenit-2018_1-kev\u00e4t-1024x931.png 1024w, https:\/\/www.oulunsalonvasama.fi\/pesapallo\/wp-content\/uploads\/EP-treenit-2018_1-kev\u00e4t-300x273.png 300w, https:\/\/www.oulunsalonvasama.fi\/pesapallo\/wp-content\/uploads\/EP-treenit-2018_1-kev\u00e4t-768x699.png 768w, https:\/\/www.oulunsalonvasama.fi\/pesapallo\/wp-content\/uploads\/EP-treenit-2018_1-kev\u00e4t.png 1061w\" sizes=\"auto, (max-width: 475px) 100vw, 475px\" \/><\/a><p id=\"caption-attachment-3826\" class=\"wp-caption-text\">E-poikien pes\u00e4pallotreenit<\/p><\/div>\n<h2><strong>Tervetuloa Oulunsalon Vasama ry:n s\u00e4\u00e4nt\u00f6m\u00e4\u00e4r\u00e4iseen Syyskokoukseen sunnuntaina 10.12.2017 klo 20:00 Oulunsalon Yhteis\u00f6talon (ent. kunnantalo) 2. kerrokseen.<\/strong><\/h2>\n<h3>Tervetuloa p\u00e4\u00e4tt\u00e4m\u00e4\u00e4n Vasaman ensi vuoden toiminnasta\u00a0 ja johtokuntapaikoista!<\/h3>\n<h2><strong>Historian ensimm\u00e4inen Pelaajaliikennesopimus allekirjoitettiin Pohjois-Suomen Pesis ry:n Seurap\u00e4ivill\u00e4 4.11.17.<\/strong><\/h2>\n<p>Kaikkiaan 9 alueen seuraa on allekirjoittanut sopimuksen, jonka tarkoituksena on aiempaa tarkemmin kontrolloida pelaajien liikkeit\u00e4 allekirjoittaneiden seurojen v\u00e4lill\u00e4 eri ik\u00e4luokissa. Tavoitteena on, ettei kenenk\u00e4\u00e4n tarvitse lopettaa joukkuetta tai harrastamista esimerkiksi pelaajien v\u00e4h\u00e4isyyden takia.<\/p>\n<p>Mukana olevat seurat:<\/p>\n<p>Oulun Lippo Juniorit ry<br \/>\nOulunsalon Vasama ry<br \/>\nKempeleen Kiri ry<br \/>\nTyrn\u00e4v\u00e4n Tempaus ry<br \/>\nMuhoksen Pallo-Salamat ry<br \/>\nPattijoen Urheilijat Juniorit ry<br \/>\nKiimingin Urheilijat ry<br \/>\nIin Urheilijat ry<br \/>\nSimon Kiri ry<\/p>\n<p>Niin seuratoimijoiden kuin huoltajienkin on hyv\u00e4 lukea sopimus l\u00e4pi.<\/p>\n<p><a href=\"http:\/\/www.oulunsalonvasama.fi\/pesapallo\/wp-content\/uploads\/PELAAJALIIKENNESOPIMUS-2018-PSP.pdf\">PELAAJALIIKENNESOPIMUS 2018 PSP<\/a><\/p>\n<p><a href=\"http:\/\/www.pohjois-suomenpesis.fi\/\">http:\/\/www.pohjois-suomenpesis.fi\/<\/a><\/p>\n<h2>Tervetuloa Jaoston kokoukseen ti 7.11. klo18 Oulunsalon Kirkonkyl\u00e4nkoulun Aurinkokeitaaseen!<\/h2>\n<p>Tule mukaan keskustelemaan tulevasta kaudesta!<\/p>\n<p><a href=\"http:\/\/www.oulunsalonvasama.fi\/pesapallo\/wp-content\/uploads\/F-tytt\u00f6jen-treenit-2017_1-syksy.png\"><img loading=\"lazy\" decoding=\"async\" class=\"alignleft wp-image-3571\" src=\"http:\/\/www.oulunsalonvasama.fi\/pesapallo\/wp-content\/uploads\/F-tytt\u00f6jen-treenit-2017_1-syksy-999x1024.png\" alt=\"\" width=\"500\" height=\"512\" srcset=\"https:\/\/www.oulunsalonvasama.fi\/pesapallo\/wp-content\/uploads\/F-tytt\u00f6jen-treenit-2017_1-syksy-999x1024.png 999w, https:\/\/www.oulunsalonvasama.fi\/pesapallo\/wp-content\/uploads\/F-tytt\u00f6jen-treenit-2017_1-syksy-293x300.png 293w, https:\/\/www.oulunsalonvasama.fi\/pesapallo\/wp-content\/uploads\/F-tytt\u00f6jen-treenit-2017_1-syksy-768x787.png 768w, https:\/\/www.oulunsalonvasama.fi\/pesapallo\/wp-content\/uploads\/F-tytt\u00f6jen-treenit-2017_1-syksy.png 1057w\" sizes=\"auto, (max-width: 500px) 100vw, 500px\" \/><\/a><\/p>\n<h2>OsVan Naisten Pesisspektaakkelia Entiset vs Nykyiset!<\/h2>\n<div>Tervetuloa kaikki pesiksen yst\u00e4v\u00e4t seuraamaan j\u00e4nnitysn\u00e4ytelm\u00e4\u00e4 lauantaina 16.9.17 klo15:30! Onko vanhassa vara parempi vai n\u00e4ytt\u00e4\u00e4k\u00f6 nykypesiksen nuoret t\u00e4hdet t\u00e4teille miten peli\u00e4 pelataan&#8230; T\u00e4m\u00e4 on huomattavasti parempaa viihdett\u00e4 kuin Superin finaalit &#8211; tule siis paikanp\u00e4\u00e4lle!!<\/div>\n<h1><\/h1>\n<h2>Kauden 2017 palkitut<\/h2>\n<div id=\"gmail-m_6962001646134276072AppleMailSignature\">OsVan pesiskauden p\u00e4\u00e4tt\u00e4j\u00e4isiss\u00e4 7.9.2017 joukkueet palkitsivat seuraavat pelaajat:<\/div>\n<div>FT: Enni P ja Scarlett T<\/div>\n<div>ET: Kiia S, Viivi N<\/div>\n<div>DT: Viivi P, Anni T<\/div>\n<div>DP: palkinnot jaetaan joukkueen p\u00e4\u00e4tt\u00e4j\u00e4isiss\u00e4<\/div>\n<div>CT: Nelli K, Nea G<\/div>\n<div>NMS OsVa3: Sofia K ja Iida La<\/div>\n<div>\n<p>NSS: Salla H ja Maria K<\/p>\n<div><\/div>\n<div>Jaosto palkitsi:<\/div>\n<div>Vuoden tytt\u00f6tuomari: Salla H<\/div>\n<div>Vuoden poikatuomari: Eelis M<\/div>\n<div>Puuhanaiset: Katja K ja Virva N<\/div>\n<div>Vuoden valmentaja: Susanna P<\/div>\n<div>FT-joukkue: kiitos menestyksekk\u00e4\u00e4st\u00e4 kaudesta<\/div>\n<div>Esa P: kiitos seuran ja jaoston hyv\u00e4ksi tehdyst\u00e4 ty\u00f6st\u00e4<\/div>\n<div><\/div>\n<div><\/div>\n<div><a href=\"http:\/\/www.oulunsalonvasama.fi\/pesapallo\/wp-content\/uploads\/IMG_7240.jpg\"><img loading=\"lazy\" decoding=\"async\" class=\"alignnone wp-image-3556\" src=\"http:\/\/www.oulunsalonvasama.fi\/pesapallo\/wp-content\/uploads\/IMG_7240.jpg\" alt=\"\" width=\"488\" height=\"488\" srcset=\"https:\/\/www.oulunsalonvasama.fi\/pesapallo\/wp-content\/uploads\/IMG_7240.jpg 2048w, https:\/\/www.oulunsalonvasama.fi\/pesapallo\/wp-content\/uploads\/IMG_7240-150x150.jpg 150w, https:\/\/www.oulunsalonvasama.fi\/pesapallo\/wp-content\/uploads\/IMG_7240-300x300.jpg 300w, https:\/\/www.oulunsalonvasama.fi\/pesapallo\/wp-content\/uploads\/IMG_7240-768x768.jpg 768w, https:\/\/www.oulunsalonvasama.fi\/pesapallo\/wp-content\/uploads\/IMG_7240-1024x1024.jpg 1024w\" sizes=\"auto, (max-width: 488px) 100vw, 488px\" \/><\/a><\/div>\n<\/div>\n<div><\/div>\n<p>OsVan f-tyt\u00f6t voittivat upean kauden p\u00e4\u00e4tteeksi my\u00f6s Pohjois-Suomen mestaruuden 2.9.2017 Vuokatissa. <a href=\"http:\/\/www.oulunsalonvasama.fi\/pesapallo\/wp-content\/uploads\/IMG_6982-1.jpg\"><img loading=\"lazy\" decoding=\"async\" class=\"alignnone wp-image-3549\" src=\"http:\/\/www.oulunsalonvasama.fi\/pesapallo\/wp-content\/uploads\/IMG_6982-1.jpg\" alt=\"\" width=\"538\" height=\"269\" srcset=\"https:\/\/www.oulunsalonvasama.fi\/pesapallo\/wp-content\/uploads\/IMG_6982-1.jpg 1600w, https:\/\/www.oulunsalonvasama.fi\/pesapallo\/wp-content\/uploads\/IMG_6982-1-300x150.jpg 300w, https:\/\/www.oulunsalonvasama.fi\/pesapallo\/wp-content\/uploads\/IMG_6982-1-768x384.jpg 768w, https:\/\/www.oulunsalonvasama.fi\/pesapallo\/wp-content\/uploads\/IMG_6982-1-1024x512.jpg 1024w\" sizes=\"auto, (max-width: 538px) 100vw, 538px\" \/><\/a><\/p>\n<p>Jaoston p\u00e4\u00e4tt\u00e4j\u00e4iset to 7.9. klo 18 Kirkonkyl\u00e4n koulun ruokalassa. Tervetuloa!<\/p>\n<p>OsVan f-tyt\u00f6t, aluesarjan voittajat vuonna 2017, saivat kultamitalit ja kukkaset upeasti sujuneesta kaudesta. Onnittelut!<a href=\"http:\/\/www.oulunsalonvasama.fi\/pesapallo\/wp-content\/uploads\/IMG_7232-1.jpg\"><img loading=\"lazy\" decoding=\"async\" class=\"alignnone wp-image-3529\" src=\"http:\/\/www.oulunsalonvasama.fi\/pesapallo\/wp-content\/uploads\/IMG_7232-1.jpg\" alt=\"\" width=\"528\" height=\"352\" srcset=\"https:\/\/www.oulunsalonvasama.fi\/pesapallo\/wp-content\/uploads\/IMG_7232-1.jpg 1600w, https:\/\/www.oulunsalonvasama.fi\/pesapallo\/wp-content\/uploads\/IMG_7232-1-300x200.jpg 300w, https:\/\/www.oulunsalonvasama.fi\/pesapallo\/wp-content\/uploads\/IMG_7232-1-768x512.jpg 768w, https:\/\/www.oulunsalonvasama.fi\/pesapallo\/wp-content\/uploads\/IMG_7232-1-1024x683.jpg 1024w\" sizes=\"auto, (max-width: 528px) 100vw, 528px\" \/><\/a><\/p>\n<p>E-poikien harjoitukset normaalisti 8.8. klo 19. Kokoontuminen kirkonkyl\u00e4n pes\u00e4pallokent\u00e4n kioskin edess\u00e4! Tervetuloa mukaan!<\/p>\n<p>http:\/\/www.oulunsalonvasama.fi\/pesapallo\/joukkueet\/e-pojat\/<\/p>\n<p>FG- tytt\u00f6jen ja poikien treenit parin viikon tauolla! FG junnujen treenit alkavat j\u00e4lleen 20.8.<\/p>\n<p>Lis\u00e4tietoja:<\/p>\n<p>http:\/\/www.oulunsalonvasama.fi\/pesapallo\/joukkueet\/fg-tytot\/<\/p>\n<p>http:\/\/www.oulunsalonvasama.fi\/pesapallo\/joukkueet\/fg-pojat\/<\/p>\n<p>C-tyt\u00f6t sijoittuivat nuorisoleirill\u00e4 pelisarjassa sijalle 11\/32. Joukkue voitti 10:st\u00e4 pelist\u00e4 puolet. Valmentajatkin olivat valmiita kantamaan kortensa kekoon.<\/p>\n<p><a href=\"http:\/\/www.oulunsalonvasama.fi\/pesapallo\/wp-content\/uploads\/nuorisoleiri.jpg\"><img loading=\"lazy\" decoding=\"async\" class=\"alignnone wp-image-3458\" src=\"http:\/\/www.oulunsalonvasama.fi\/pesapallo\/wp-content\/uploads\/nuorisoleiri.jpg\" alt=\"\" width=\"490\" height=\"490\" srcset=\"https:\/\/www.oulunsalonvasama.fi\/pesapallo\/wp-content\/uploads\/nuorisoleiri.jpg 2048w, https:\/\/www.oulunsalonvasama.fi\/pesapallo\/wp-content\/uploads\/nuorisoleiri-150x150.jpg 150w, https:\/\/www.oulunsalonvasama.fi\/pesapallo\/wp-content\/uploads\/nuorisoleiri-300x300.jpg 300w, https:\/\/www.oulunsalonvasama.fi\/pesapallo\/wp-content\/uploads\/nuorisoleiri-768x768.jpg 768w, https:\/\/www.oulunsalonvasama.fi\/pesapallo\/wp-content\/uploads\/nuorisoleiri-1024x1024.jpg 1024w\" sizes=\"auto, (max-width: 490px) 100vw, 490px\" \/><\/a><\/p>\n<p>Nelli valittiin it\u00e4-l\u00e4nteen c-ik\u00e4isten nuorisoleirill\u00e4. Onnittelut Nellille!<\/p>\n<p><a href=\"http:\/\/www.oulunsalonvasama.fi\/pesapallo\/wp-content\/uploads\/Nelli-1.jpg\"><img loading=\"lazy\" decoding=\"async\" class=\"wp-image-3456 alignnone\" src=\"http:\/\/www.oulunsalonvasama.fi\/pesapallo\/wp-content\/uploads\/Nelli-1.jpg\" alt=\"\" width=\"509\" height=\"339\" srcset=\"https:\/\/www.oulunsalonvasama.fi\/pesapallo\/wp-content\/uploads\/Nelli-1.jpg 5184w, https:\/\/www.oulunsalonvasama.fi\/pesapallo\/wp-content\/uploads\/Nelli-1-300x200.jpg 300w, https:\/\/www.oulunsalonvasama.fi\/pesapallo\/wp-content\/uploads\/Nelli-1-768x512.jpg 768w, https:\/\/www.oulunsalonvasama.fi\/pesapallo\/wp-content\/uploads\/Nelli-1-1024x683.jpg 1024w\" sizes=\"auto, (max-width: 509px) 100vw, 509px\" \/><\/a><\/p>\n<p><a href=\"http:\/\/www.oulunsalonvasama.fi\/pesapallo\/wp-content\/uploads\/Junnujen-harrasteaikoja-072017_1.jpg\"><img loading=\"lazy\" decoding=\"async\" class=\"alignleft wp-image-3416\" src=\"http:\/\/www.oulunsalonvasama.fi\/pesapallo\/wp-content\/uploads\/Junnujen-harrasteaikoja-072017_1-742x1024.jpg\" alt=\"\" width=\"508\" height=\"701\" srcset=\"https:\/\/www.oulunsalonvasama.fi\/pesapallo\/wp-content\/uploads\/Junnujen-harrasteaikoja-072017_1-742x1024.jpg 742w, https:\/\/www.oulunsalonvasama.fi\/pesapallo\/wp-content\/uploads\/Junnujen-harrasteaikoja-072017_1-217x300.jpg 217w, https:\/\/www.oulunsalonvasama.fi\/pesapallo\/wp-content\/uploads\/Junnujen-harrasteaikoja-072017_1-768x1060.jpg 768w, https:\/\/www.oulunsalonvasama.fi\/pesapallo\/wp-content\/uploads\/Junnujen-harrasteaikoja-072017_1.jpg 794w\" sizes=\"auto, (max-width: 508px) 100vw, 508px\" \/><\/a><\/p>\n<p><a href=\"http:\/\/www.oulunsalonvasama.fi\/pesapallo\/wp-content\/uploads\/OsVan-uudet-harjoitusryhm\u00e4t.jpg\"><img loading=\"lazy\" decoding=\"async\" class=\"alignnone wp-image-3360\" src=\"http:\/\/www.oulunsalonvasama.fi\/pesapallo\/wp-content\/uploads\/OsVan-uudet-harjoitusryhm\u00e4t.jpg\" alt=\"\" width=\"512\" height=\"288\" srcset=\"https:\/\/www.oulunsalonvasama.fi\/pesapallo\/wp-content\/uploads\/OsVan-uudet-harjoitusryhm\u00e4t.jpg 1280w, https:\/\/www.oulunsalonvasama.fi\/pesapallo\/wp-content\/uploads\/OsVan-uudet-harjoitusryhm\u00e4t-300x169.jpg 300w, https:\/\/www.oulunsalonvasama.fi\/pesapallo\/wp-content\/uploads\/OsVan-uudet-harjoitusryhm\u00e4t-768x432.jpg 768w, https:\/\/www.oulunsalonvasama.fi\/pesapallo\/wp-content\/uploads\/OsVan-uudet-harjoitusryhm\u00e4t-1024x576.jpg 1024w\" sizes=\"auto, (max-width: 512px) 100vw, 512px\" \/><\/a><\/p>\n<p>OsVan f-tyt\u00f6t toivat mukanaan pronssimitalit Kempeleen alueleirilt\u00e4. Onnittelut koko poppoolle hienosta saavutuksesta!<\/p>\n<p><a href=\"http:\/\/www.oulunsalonvasama.fi\/pesapallo\/wp-content\/uploads\/GABZ1728.jpg\"><img loading=\"lazy\" decoding=\"async\" class=\"alignnone wp-image-3319\" src=\"http:\/\/www.oulunsalonvasama.fi\/pesapallo\/wp-content\/uploads\/GABZ1728.jpg\" alt=\"\" width=\"505\" height=\"505\" srcset=\"https:\/\/www.oulunsalonvasama.fi\/pesapallo\/wp-content\/uploads\/GABZ1728.jpg 2048w, https:\/\/www.oulunsalonvasama.fi\/pesapallo\/wp-content\/uploads\/GABZ1728-150x150.jpg 150w, https:\/\/www.oulunsalonvasama.fi\/pesapallo\/wp-content\/uploads\/GABZ1728-300x300.jpg 300w, https:\/\/www.oulunsalonvasama.fi\/pesapallo\/wp-content\/uploads\/GABZ1728-768x768.jpg 768w, https:\/\/www.oulunsalonvasama.fi\/pesapallo\/wp-content\/uploads\/GABZ1728-1024x1024.jpg 1024w\" sizes=\"auto, (max-width: 505px) 100vw, 505px\" \/><\/a><\/p>\n<p>OsVan pesiskoulun p\u00e4\u00e4tt\u00e4j\u00e4ispelin tunnelmia:<\/p>\n<p><a href=\"http:\/\/www.oulunsalonvasama.fi\/pesapallo\/wp-content\/uploads\/OGIH2116.jpg\"><img loading=\"lazy\" decoding=\"async\" class=\"alignnone wp-image-3317\" src=\"http:\/\/www.oulunsalonvasama.fi\/pesapallo\/wp-content\/uploads\/OGIH2116.jpg\" alt=\"\" width=\"507\" height=\"507\" srcset=\"https:\/\/www.oulunsalonvasama.fi\/pesapallo\/wp-content\/uploads\/OGIH2116.jpg 2048w, https:\/\/www.oulunsalonvasama.fi\/pesapallo\/wp-content\/uploads\/OGIH2116-150x150.jpg 150w, https:\/\/www.oulunsalonvasama.fi\/pesapallo\/wp-content\/uploads\/OGIH2116-300x300.jpg 300w, https:\/\/www.oulunsalonvasama.fi\/pesapallo\/wp-content\/uploads\/OGIH2116-768x768.jpg 768w, https:\/\/www.oulunsalonvasama.fi\/pesapallo\/wp-content\/uploads\/OGIH2116-1024x1024.jpg 1024w\" sizes=\"auto, (max-width: 507px) 100vw, 507px\" \/><\/a><\/p>\n<p><a href=\"http:\/\/www.oulunsalonvasama.fi\/pesapallo\/wp-content\/uploads\/IMG_4655.jpg\"><img loading=\"lazy\" decoding=\"async\" class=\"alignnone wp-image-3321\" src=\"http:\/\/www.oulunsalonvasama.fi\/pesapallo\/wp-content\/uploads\/IMG_4655.jpg\" alt=\"\" width=\"506\" height=\"285\" srcset=\"https:\/\/www.oulunsalonvasama.fi\/pesapallo\/wp-content\/uploads\/IMG_4655.jpg 1599w, https:\/\/www.oulunsalonvasama.fi\/pesapallo\/wp-content\/uploads\/IMG_4655-300x169.jpg 300w, https:\/\/www.oulunsalonvasama.fi\/pesapallo\/wp-content\/uploads\/IMG_4655-768x432.jpg 768w, https:\/\/www.oulunsalonvasama.fi\/pesapallo\/wp-content\/uploads\/IMG_4655-1024x576.jpg 1024w\" sizes=\"auto, (max-width: 506px) 100vw, 506px\" \/><\/a><\/p>\n<p><a href=\"http:\/\/www.oulunsalonvasama.fi\/pesapallo\/wp-content\/uploads\/IMG_4657.jpg\"><img loading=\"lazy\" decoding=\"async\" class=\"alignnone wp-image-3318\" src=\"http:\/\/www.oulunsalonvasama.fi\/pesapallo\/wp-content\/uploads\/IMG_4657.jpg\" alt=\"\" width=\"505\" height=\"284\" srcset=\"https:\/\/www.oulunsalonvasama.fi\/pesapallo\/wp-content\/uploads\/IMG_4657.jpg 1599w, https:\/\/www.oulunsalonvasama.fi\/pesapallo\/wp-content\/uploads\/IMG_4657-300x169.jpg 300w, https:\/\/www.oulunsalonvasama.fi\/pesapallo\/wp-content\/uploads\/IMG_4657-768x432.jpg 768w, https:\/\/www.oulunsalonvasama.fi\/pesapallo\/wp-content\/uploads\/IMG_4657-1024x576.jpg 1024w\" sizes=\"auto, (max-width: 505px) 100vw, 505px\" \/><\/a><\/p>\n<p>Kempeleen alueleirilt\u00e4 terkut joukkueelta KiVa (Kiri, Vasama):<\/p>\n<p><a href=\"http:\/\/www.oulunsalonvasama.fi\/pesapallo\/wp-content\/uploads\/IMG_4650.jpg\"><img loading=\"lazy\" decoding=\"async\" class=\"alignnone wp-image-3322\" src=\"http:\/\/www.oulunsalonvasama.fi\/pesapallo\/wp-content\/uploads\/IMG_4650.jpg\" alt=\"\" width=\"502\" height=\"282\" srcset=\"https:\/\/www.oulunsalonvasama.fi\/pesapallo\/wp-content\/uploads\/IMG_4650.jpg 1599w, https:\/\/www.oulunsalonvasama.fi\/pesapallo\/wp-content\/uploads\/IMG_4650-300x169.jpg 300w, https:\/\/www.oulunsalonvasama.fi\/pesapallo\/wp-content\/uploads\/IMG_4650-768x432.jpg 768w, https:\/\/www.oulunsalonvasama.fi\/pesapallo\/wp-content\/uploads\/IMG_4650-1024x576.jpg 1024w\" sizes=\"auto, (max-width: 502px) 100vw, 502px\" \/><\/a><\/p>\n<p>OsVan pelej\u00e4 vuosikymmeni\u00e4 seurannut Maija Perttunen sai 8.6.2017 OsVan retrofanipaidan ennen NMS OsVa2 (naiset) &#8211; OsVa3 (c-tyt\u00f6t) paikalliskamppailua.<br \/>\n<a href=\"http:\/\/www.oulunsalonvasama.fi\/pesapallo\/wp-content\/uploads\/IMG_4428.jpg\"><img loading=\"lazy\" decoding=\"async\" class=\"alignnone wp-image-3304\" src=\"http:\/\/www.oulunsalonvasama.fi\/pesapallo\/wp-content\/uploads\/IMG_4428.jpg\" alt=\"\" width=\"499\" height=\"375\" srcset=\"https:\/\/www.oulunsalonvasama.fi\/pesapallo\/wp-content\/uploads\/IMG_4428.jpg 4032w, https:\/\/www.oulunsalonvasama.fi\/pesapallo\/wp-content\/uploads\/IMG_4428-300x225.jpg 300w, https:\/\/www.oulunsalonvasama.fi\/pesapallo\/wp-content\/uploads\/IMG_4428-768x576.jpg 768w, https:\/\/www.oulunsalonvasama.fi\/pesapallo\/wp-content\/uploads\/IMG_4428-1024x768.jpg 1024w\" sizes=\"auto, (max-width: 499px) 100vw, 499px\" \/><\/a><\/p>\n<p>Opintonsa p\u00e4\u00e4tt\u00e4neiden OsVan suomensarjalaisten kukitus:<br \/>\n&#8211; Laura Jyrinki, ylioppilas (toinen vasemmalla)<br \/>\n&#8211; Sara Heikkil\u00e4, merkonomi (toinen oikealla)<br \/>\n&#8211; Susanna Salin, sairaanhoitaja (ei kuvassa)<br \/>\n<a href=\"http:\/\/www.oulunsalonvasama.fi\/pesapallo\/wp-content\/uploads\/IMG_4389-2.jpg\"><img loading=\"lazy\" decoding=\"async\" class=\"alignnone wp-image-3292\" src=\"http:\/\/www.oulunsalonvasama.fi\/pesapallo\/wp-content\/uploads\/IMG_4389-2.jpg\" alt=\"\" width=\"410\" height=\"308\" srcset=\"https:\/\/www.oulunsalonvasama.fi\/pesapallo\/wp-content\/uploads\/IMG_4389-2.jpg 4032w, https:\/\/www.oulunsalonvasama.fi\/pesapallo\/wp-content\/uploads\/IMG_4389-2-300x225.jpg 300w, https:\/\/www.oulunsalonvasama.fi\/pesapallo\/wp-content\/uploads\/IMG_4389-2-768x576.jpg 768w, https:\/\/www.oulunsalonvasama.fi\/pesapallo\/wp-content\/uploads\/IMG_4389-2-1024x768.jpg 1024w\" sizes=\"auto, (max-width: 410px) 100vw, 410px\" \/><\/a><br \/>\nAnu Silfverhuth, pesisjaoston puheenjohtaja (vasemmalla)<br \/>\nAnne Kuopusj\u00e4rvi, pesisjaoston rahastonhoitaja (oikealla)<\/p>\n<p>Opintonsa p\u00e4\u00e4tt\u00e4neen OsVan maakuntasarjalaisen kukitus:<br \/>\n&#8211; Emmi Pakanen, ylioppilas (IB)<br \/>\n<a href=\"http:\/\/www.oulunsalonvasama.fi\/pesapallo\/wp-content\/uploads\/IMG_4415.jpg\"><img loading=\"lazy\" decoding=\"async\" class=\"alignnone wp-image-3293\" src=\"http:\/\/www.oulunsalonvasama.fi\/pesapallo\/wp-content\/uploads\/IMG_4415.jpg\" alt=\"\" width=\"236\" height=\"420\" srcset=\"https:\/\/www.oulunsalonvasama.fi\/pesapallo\/wp-content\/uploads\/IMG_4415.jpg 899w, https:\/\/www.oulunsalonvasama.fi\/pesapallo\/wp-content\/uploads\/IMG_4415-169x300.jpg 169w, https:\/\/www.oulunsalonvasama.fi\/pesapallo\/wp-content\/uploads\/IMG_4415-768x1366.jpg 768w, https:\/\/www.oulunsalonvasama.fi\/pesapallo\/wp-content\/uploads\/IMG_4415-576x1024.jpg 576w\" sizes=\"auto, (max-width: 236px) 100vw, 236px\" \/><\/a><\/p>\n<p><strong>Naisten suomensarjan ottelu Oulunsalo-Kajaani su 14.5 PERUTTU s\u00e4\u00e4n takia<\/strong><br \/>\n<strong>Uusi pelip\u00e4iv\u00e4 torstai 20.7.2017 klo 18:00<\/strong><\/p>\n<h2><strong>Tervetuloa Pesiskouluun kes\u00e4ll\u00e4 2017 !<\/strong><\/h2>\n<p><img loading=\"lazy\" decoding=\"async\" class=\"alignleft wp-image-3166\" src=\"http:\/\/www.oulunsalonvasama.fi\/pesapallo\/wp-content\/uploads\/Turisti-2017-pesiskoulu-pieni.jpg\" alt=\"\" width=\"490\" height=\"695\" srcset=\"https:\/\/www.oulunsalonvasama.fi\/pesapallo\/wp-content\/uploads\/Turisti-2017-pesiskoulu-pieni.jpg 705w, https:\/\/www.oulunsalonvasama.fi\/pesapallo\/wp-content\/uploads\/Turisti-2017-pesiskoulu-pieni-212x300.jpg 212w\" sizes=\"auto, (max-width: 490px) 100vw, 490px\" \/><\/p>\n<p><span id=\"fbPhotoSnowliftCaption\" class=\"fbPhotosPhotoCaption\" tabindex=\"0\" data-ft=\"{&quot;tn&quot;:&quot;K&quot;}\"><span class=\"hasCaption\">OsVan kev\u00e4tkokouksessa palkittiin pesisjaostosta vuoden toivona Mikael Kein\u00e4nen, vuoden valmentajana Esa Pietil\u00e4inen ja vuoden joukkueena D-tyt\u00f6t.<\/span><\/span><\/p>\n<div id=\"fbPhotoSnowliftProductsTagList\" class=\"pts fbPhotoProductsTagList\">\u00a0<a href=\"http:\/\/www.oulunsalonvasama.fi\/pesapallo\/wp-content\/uploads\/OsVa-palkitut.jpg\"><img loading=\"lazy\" decoding=\"async\" class=\"alignnone wp-image-3158\" src=\"http:\/\/www.oulunsalonvasama.fi\/pesapallo\/wp-content\/uploads\/OsVa-palkitut.jpg\" alt=\"\" width=\"510\" height=\"510\" srcset=\"https:\/\/www.oulunsalonvasama.fi\/pesapallo\/wp-content\/uploads\/OsVa-palkitut.jpg 960w, https:\/\/www.oulunsalonvasama.fi\/pesapallo\/wp-content\/uploads\/OsVa-palkitut-150x150.jpg 150w, https:\/\/www.oulunsalonvasama.fi\/pesapallo\/wp-content\/uploads\/OsVa-palkitut-300x300.jpg 300w, https:\/\/www.oulunsalonvasama.fi\/pesapallo\/wp-content\/uploads\/OsVa-palkitut-768x768.jpg 768w\" sizes=\"auto, (max-width: 510px) 100vw, 510px\" \/><\/a><\/div>\n<h2>Tervetuloa seuran Kev\u00e4tkokoukseen 2017<\/h2>\n<p><strong>Oulunsalon Vasama ry:n s\u00e4\u00e4nt\u00f6m\u00e4\u00e4r\u00e4inen Kev\u00e4tkokous\u00a0<\/strong><strong>pidet\u00e4\u00e4n su 23.4.2017 klo 19.00 Oulunsalon Yhteis\u00f6talolla (vanha kunnantalo). Luvassa palkintojen jakoa, kahvistelua\u00a0sek\u00e4 kev\u00e4tkokous.<br \/>\n<\/strong><\/p>\n<p><strong>Tervetuloa p\u00e4\u00e4tt\u00e4m\u00e4\u00e4n yhteisist\u00e4 asioista!<\/strong><\/p>\n<p><span id=\"fbPhotoSnowliftCaption\" class=\"fbPhotosPhotoCaption\" tabindex=\"0\" data-ft=\"{&quot;tn&quot;:&quot;K&quot;}\"><span class=\"hasCaption\">Pes\u00e4palloliitto lanseerasi t\u00e4n\u00e4 vuonna Tahko Pihkala -mitalin, joka on my\u00f6nnetty 59 ansioituneelle seura- ja nuorisotoiminnan edist\u00e4j\u00e4lle. Pohjois-Suomen Pesiksen kev\u00e4tkokouksessa PSP:n puheenjohtajalta, Jussi Meril\u00e4iselt\u00e4, mitalin sai Esa Pietil\u00e4inen, joka on ollut OsVan toiminnassa mukana jo pitk\u00e4\u00e4n. Onnea Esalle!<\/span><\/span><\/p>\n<p><a href=\"http:\/\/www.oulunsalonvasama.fi\/pesapallo\/wp-content\/uploads\/Esa-palkinto.jpg\"><img loading=\"lazy\" decoding=\"async\" class=\"alignnone wp-image-3157\" src=\"http:\/\/www.oulunsalonvasama.fi\/pesapallo\/wp-content\/uploads\/Esa-palkinto.jpg\" alt=\"\" width=\"512\" height=\"615\" srcset=\"https:\/\/www.oulunsalonvasama.fi\/pesapallo\/wp-content\/uploads\/Esa-palkinto.jpg 799w, https:\/\/www.oulunsalonvasama.fi\/pesapallo\/wp-content\/uploads\/Esa-palkinto-250x300.jpg 250w, https:\/\/www.oulunsalonvasama.fi\/pesapallo\/wp-content\/uploads\/Esa-palkinto-768x923.jpg 768w\" sizes=\"auto, (max-width: 512px) 100vw, 512px\" \/><\/a><\/p>\n<h2><a href=\"http:\/\/www.oulunsalonvasama.fi\/pesapallo\/wp-content\/uploads\/OsVa-Kes\u00e4ty\u00f6setelil\u00e4isi\u00e4-2017_1.png\"><img loading=\"lazy\" decoding=\"async\" class=\"alignleft wp-image-3138\" src=\"http:\/\/www.oulunsalonvasama.fi\/pesapallo\/wp-content\/uploads\/OsVa-Kes\u00e4ty\u00f6setelil\u00e4isi\u00e4-2017_1-1024x576.png\" alt=\"\" width=\"518\" height=\"291\" srcset=\"https:\/\/www.oulunsalonvasama.fi\/pesapallo\/wp-content\/uploads\/OsVa-Kes\u00e4ty\u00f6setelil\u00e4isi\u00e4-2017_1-1024x576.png 1024w, https:\/\/www.oulunsalonvasama.fi\/pesapallo\/wp-content\/uploads\/OsVa-Kes\u00e4ty\u00f6setelil\u00e4isi\u00e4-2017_1-300x169.png 300w, https:\/\/www.oulunsalonvasama.fi\/pesapallo\/wp-content\/uploads\/OsVa-Kes\u00e4ty\u00f6setelil\u00e4isi\u00e4-2017_1-768x432.png 768w, https:\/\/www.oulunsalonvasama.fi\/pesapallo\/wp-content\/uploads\/OsVa-Kes\u00e4ty\u00f6setelil\u00e4isi\u00e4-2017_1.png 1280w\" sizes=\"auto, (max-width: 518px) 100vw, 518px\" \/><\/a><\/h2>\n<h2><a href=\"http:\/\/www.oulunsalonvasama.fi\/pesapallo\/wp-content\/uploads\/OSVAN-TUOMARIKOULUTUS-2017.png\"><img loading=\"lazy\" decoding=\"async\" class=\"alignleft wp-image-3129\" src=\"http:\/\/www.oulunsalonvasama.fi\/pesapallo\/wp-content\/uploads\/OSVAN-TUOMARIKOULUTUS-2017-1024x576.png\" alt=\"\" width=\"522\" height=\"293\" srcset=\"https:\/\/www.oulunsalonvasama.fi\/pesapallo\/wp-content\/uploads\/OSVAN-TUOMARIKOULUTUS-2017-1024x576.png 1024w, https:\/\/www.oulunsalonvasama.fi\/pesapallo\/wp-content\/uploads\/OSVAN-TUOMARIKOULUTUS-2017-300x169.png 300w, https:\/\/www.oulunsalonvasama.fi\/pesapallo\/wp-content\/uploads\/OSVAN-TUOMARIKOULUTUS-2017-768x432.png 768w, https:\/\/www.oulunsalonvasama.fi\/pesapallo\/wp-content\/uploads\/OSVAN-TUOMARIKOULUTUS-2017.png 1280w\" sizes=\"auto, (max-width: 522px) 100vw, 522px\" \/><\/a><\/h2>\n<h2>Tervetuloa PSP:n seurak\u00e4yntiin ja Jaoston kokoukseen 7.2. klo18 alkaen Kirkonkyl\u00e4n koulun ruokalaan.<\/h2>\n<p><a href=\"http:\/\/www.oulunsalonvasama.fi\/pesapallo\/wp-content\/uploads\/joulun-toivotus-2016-v4.png\"><img loading=\"lazy\" decoding=\"async\" class=\"alignleft wp-image-3062\" src=\"http:\/\/www.oulunsalonvasama.fi\/pesapallo\/wp-content\/uploads\/joulun-toivotus-2016-v4-300x257.png\" width=\"450\" height=\"386\" srcset=\"https:\/\/www.oulunsalonvasama.fi\/pesapallo\/wp-content\/uploads\/joulun-toivotus-2016-v4-300x257.png 300w, https:\/\/www.oulunsalonvasama.fi\/pesapallo\/wp-content\/uploads\/joulun-toivotus-2016-v4-768x658.png 768w, https:\/\/www.oulunsalonvasama.fi\/pesapallo\/wp-content\/uploads\/joulun-toivotus-2016-v4-1024x878.png 1024w, https:\/\/www.oulunsalonvasama.fi\/pesapallo\/wp-content\/uploads\/joulun-toivotus-2016-v4.png 1398w\" sizes=\"auto, (max-width: 450px) 100vw, 450px\" \/><\/a><\/p>\n<hr \/>\n<p><a href=\"http:\/\/www.oulunsalonvasama.fi\/pesapallo\/wp-content\/uploads\/Tervetuloa-Oulunsalon-Vasaman-OsVa-pes\u00e4pallotreeneihin-2017-\u2013-kopio-1.png\"><img loading=\"lazy\" decoding=\"async\" class=\"aligncenter wp-image-2964\" src=\"http:\/\/www.oulunsalonvasama.fi\/pesapallo\/wp-content\/uploads\/Tervetuloa-Oulunsalon-Vasaman-OsVa-pes\u00e4pallotreeneihin-2017-\u2013-kopio-1-300x169.png\" alt=\"tervetuloa-oulunsalon-vasaman-osva-pesapallotreeneihin-2017-kopio-1\" width=\"500\" height=\"281\" srcset=\"https:\/\/www.oulunsalonvasama.fi\/pesapallo\/wp-content\/uploads\/Tervetuloa-Oulunsalon-Vasaman-OsVa-pes\u00e4pallotreeneihin-2017-\u2013-kopio-1-300x169.png 300w, https:\/\/www.oulunsalonvasama.fi\/pesapallo\/wp-content\/uploads\/Tervetuloa-Oulunsalon-Vasaman-OsVa-pes\u00e4pallotreeneihin-2017-\u2013-kopio-1-768x432.png 768w, https:\/\/www.oulunsalonvasama.fi\/pesapallo\/wp-content\/uploads\/Tervetuloa-Oulunsalon-Vasaman-OsVa-pes\u00e4pallotreeneihin-2017-\u2013-kopio-1-1024x576.png 1024w\" sizes=\"auto, (max-width: 500px) 100vw, 500px\" \/><\/a><\/p>\n<hr \/>\n<p><a href=\"http:\/\/www.oulunsalonvasama.fi\/pesapallo\/wp-content\/uploads\/D-tytt\u00f6jen-aluehopea.jpg\"><img loading=\"lazy\" decoding=\"async\" class=\"aligncenter wp-image-2960\" src=\"http:\/\/www.oulunsalonvasama.fi\/pesapallo\/wp-content\/uploads\/D-tytt\u00f6jen-aluehopea-300x169.jpg\" alt=\"D-tyt\u00f6ille aluesarjasta hopeaa\" width=\"500\" height=\"281\" srcset=\"https:\/\/www.oulunsalonvasama.fi\/pesapallo\/wp-content\/uploads\/D-tytt\u00f6jen-aluehopea-300x169.jpg 300w, https:\/\/www.oulunsalonvasama.fi\/pesapallo\/wp-content\/uploads\/D-tytt\u00f6jen-aluehopea-768x432.jpg 768w, https:\/\/www.oulunsalonvasama.fi\/pesapallo\/wp-content\/uploads\/D-tytt\u00f6jen-aluehopea-1024x576.jpg 1024w, https:\/\/www.oulunsalonvasama.fi\/pesapallo\/wp-content\/uploads\/D-tytt\u00f6jen-aluehopea.jpg 1599w\" sizes=\"auto, (max-width: 500px) 100vw, 500px\" \/><\/a><\/p>\n<hr \/>\n<h1><a href=\"http:\/\/www.oulunsalonvasama.fi\/pesapallo\/wp-content\/uploads\/Oona-It\u00e4-L\u00e4nteen.jpg\"><img loading=\"lazy\" decoding=\"async\" class=\"aligncenter wp-image-2961\" src=\"http:\/\/www.oulunsalonvasama.fi\/pesapallo\/wp-content\/uploads\/Oona-It\u00e4-L\u00e4nteen-1024x666.jpg\" alt=\"Oona It\u00e4-L\u00e4nteen\" width=\"500\" height=\"325\" srcset=\"https:\/\/www.oulunsalonvasama.fi\/pesapallo\/wp-content\/uploads\/Oona-It\u00e4-L\u00e4nteen-1024x666.jpg 1024w, https:\/\/www.oulunsalonvasama.fi\/pesapallo\/wp-content\/uploads\/Oona-It\u00e4-L\u00e4nteen-300x195.jpg 300w, https:\/\/www.oulunsalonvasama.fi\/pesapallo\/wp-content\/uploads\/Oona-It\u00e4-L\u00e4nteen-768x500.jpg 768w\" sizes=\"auto, (max-width: 500px) 100vw, 500px\" \/><\/a><\/h1>\n<hr \/>\n<h1><strong>Jaoston kauden p\u00e4\u00e4tt\u00e4j\u00e4iset pidet\u00e4\u00e4n torstaina 15.9. klo 18 Kirkonkyl\u00e4n koululla. Tervetuloa!<\/strong><\/h1>\n<hr \/>\n<p><a href=\"http:\/\/www.oulunsalonvasama.fi\/pesapallo\/wp-content\/uploads\/Hyvink\u00e4\u00e4-2016-palkittu.png\"><img loading=\"lazy\" decoding=\"async\" class=\"alignleft wp-image-2910\" src=\"http:\/\/www.oulunsalonvasama.fi\/pesapallo\/wp-content\/uploads\/Hyvink\u00e4\u00e4-2016-palkittu.png\" alt=\"Hyvink\u00e4\u00e4 2016 palkittu\" width=\"531\" height=\"374\" srcset=\"https:\/\/www.oulunsalonvasama.fi\/pesapallo\/wp-content\/uploads\/Hyvink\u00e4\u00e4-2016-palkittu.png 794w, https:\/\/www.oulunsalonvasama.fi\/pesapallo\/wp-content\/uploads\/Hyvink\u00e4\u00e4-2016-palkittu-300x211.png 300w, https:\/\/www.oulunsalonvasama.fi\/pesapallo\/wp-content\/uploads\/Hyvink\u00e4\u00e4-2016-palkittu-768x541.png 768w\" sizes=\"auto, (max-width: 531px) 100vw, 531px\" \/><\/a><\/p>\n<hr \/>\n<h1><strong>Tervetuloa harrastamaan pesist\u00e4 Oulunsalon Kirkonkyl\u00e4n tekonurmelle sunnuntai-iltaisin klo 19.30-21. Ensimm\u00e4inen kokoontuminen sunnuntaina 17.7.\u00a0<\/strong><\/h1>\n<p>Lis\u00e4tietoja <a href=\"http:\/\/oulunsalonvasama.fi\/pesapallo\/harrastepesis\">t\u00e4\u00e4lt\u00e4<\/a><\/p>\n<hr \/>\n<h2><a href=\"http:\/\/www.oulunsalonvasama.fi\/pesapallo\/wp-content\/uploads\/Pattijoen-FE-alueleiri-2016-palkitut.png\"><img loading=\"lazy\" decoding=\"async\" class=\"alignleft wp-image-2894\" src=\"http:\/\/www.oulunsalonvasama.fi\/pesapallo\/wp-content\/uploads\/Pattijoen-FE-alueleiri-2016-palkitut.png\" alt=\"Pattijoen FE alueleiri 2016 palkitut\" width=\"535\" height=\"377\" srcset=\"https:\/\/www.oulunsalonvasama.fi\/pesapallo\/wp-content\/uploads\/Pattijoen-FE-alueleiri-2016-palkitut.png 794w, https:\/\/www.oulunsalonvasama.fi\/pesapallo\/wp-content\/uploads\/Pattijoen-FE-alueleiri-2016-palkitut-300x211.png 300w, https:\/\/www.oulunsalonvasama.fi\/pesapallo\/wp-content\/uploads\/Pattijoen-FE-alueleiri-2016-palkitut-768x541.png 768w\" sizes=\"auto, (max-width: 535px) 100vw, 535px\" \/><\/a><\/h2>\n<hr \/>\n<h2>LC Oulunsalo jakoi avustuksia hakijoille, jotka tekev\u00e4t saman asian eteen ty\u00f6t\u00e4 kuin LC.<\/h2>\n<p><strong>\u2019Lions\u2019 -sanan sis\u00e4ll\u00f6n merkitys Suomessa\u00a0on\u00a0\u2019Luovuta Is\u00e4nmaa Onnellisempana Nousevalle Sukupolvelle\u2019. OsVa PP kuten moni muukin j\u00e4rjest\u00f6 tekev\u00e4t t\u00e4m\u00e4n eteen talkooty\u00f6t\u00e4. OsVa Pes\u00e4pallo kiitt\u00e4\u00e4 LC Oulunsaloa avustuksesta.\u00a0<\/strong><\/p>\n<p><a href=\"http:\/\/www.verkkoviestin.fi\/lionsoulunsalo\/ajankohtaista\/avustusten_jakotilaisuus_yhteisotalolla_2752016\/?session=90093128\">LC Oulunsalo avustusten jako tilaisuus<\/a><\/p>\n<hr \/>\n<p><a href=\"http:\/\/www.oulunsalonvasama.fi\/pesapallo\/wp-content\/uploads\/Yhteisty\u00f6-Revonliikenne-OsVa.png\"><img loading=\"lazy\" decoding=\"async\" class=\"alignleft wp-image-2890\" src=\"http:\/\/www.oulunsalonvasama.fi\/pesapallo\/wp-content\/uploads\/Yhteisty\u00f6-Revonliikenne-OsVa-300x217.png\" alt=\"Yhteisty\u00f6 Revonliikenne OsVa\" width=\"500\" height=\"362\" srcset=\"https:\/\/www.oulunsalonvasama.fi\/pesapallo\/wp-content\/uploads\/Yhteisty\u00f6-Revonliikenne-OsVa-300x217.png 300w, https:\/\/www.oulunsalonvasama.fi\/pesapallo\/wp-content\/uploads\/Yhteisty\u00f6-Revonliikenne-OsVa-768x556.png 768w, https:\/\/www.oulunsalonvasama.fi\/pesapallo\/wp-content\/uploads\/Yhteisty\u00f6-Revonliikenne-OsVa-1024x742.png 1024w, https:\/\/www.oulunsalonvasama.fi\/pesapallo\/wp-content\/uploads\/Yhteisty\u00f6-Revonliikenne-OsVa.png 1096w\" sizes=\"auto, (max-width: 500px) 100vw, 500px\" \/><\/a><\/p>\n<hr \/>\n<h2>Rantalakeuden Pesistapahtuma avaa Pes\u00e4pallokoulun sek\u00e4 Pesiskauden! Tervetuloa!<br \/>\n<a href=\"http:\/\/www.oulunsalonvasama.fi\/pesapallo\/wp-content\/uploads\/Pesisp\u00e4iv\u00e4mainos.png\"><img loading=\"lazy\" decoding=\"async\" class=\"alignleft wp-image-2877\" src=\"http:\/\/www.oulunsalonvasama.fi\/pesapallo\/wp-content\/uploads\/Pesisp\u00e4iv\u00e4mainos-715x1024.png\" alt=\"Pesisp\u00e4iv\u00e4mainos\" width=\"531\" height=\"759\" srcset=\"https:\/\/www.oulunsalonvasama.fi\/pesapallo\/wp-content\/uploads\/Pesisp\u00e4iv\u00e4mainos-715x1024.png 715w, https:\/\/www.oulunsalonvasama.fi\/pesapallo\/wp-content\/uploads\/Pesisp\u00e4iv\u00e4mainos-209x300.png 209w\" sizes=\"auto, (max-width: 531px) 100vw, 531px\" \/><\/a><\/h2>\n<p><a href=\"http:\/\/www.oulunsalonvasama.fi\/pesapallo\/wp-content\/uploads\/Pesiskoulumainos-Turistiin.png\"><img loading=\"lazy\" decoding=\"async\" class=\"alignleft size-full wp-image-2873\" src=\"http:\/\/www.oulunsalonvasama.fi\/pesapallo\/wp-content\/uploads\/Pesiskoulumainos-Turistiin.png\" alt=\"Pesiskoulumainos Turistiin\" width=\"529\" height=\"794\" srcset=\"https:\/\/www.oulunsalonvasama.fi\/pesapallo\/wp-content\/uploads\/Pesiskoulumainos-Turistiin.png 529w, https:\/\/www.oulunsalonvasama.fi\/pesapallo\/wp-content\/uploads\/Pesiskoulumainos-Turistiin-200x300.png 200w\" sizes=\"auto, (max-width: 529px) 100vw, 529px\" \/><\/a><\/p>\n<hr \/>\n<h2><strong>J<\/strong><strong>USSINKISA- TURNAUS Helatorstaina 5.5 !<\/strong><\/h2>\n<p><a href=\"http:\/\/www.oulunsalonvasama.fi\/pesapallo\/wp-content\/uploads\/JussinKisa2016.png\"><img loading=\"lazy\" decoding=\"async\" class=\"alignleft wp-image-2807\" src=\"http:\/\/www.oulunsalonvasama.fi\/pesapallo\/wp-content\/uploads\/JussinKisa2016.png\" alt=\"JussinKisa2016\" width=\"525\" height=\"295\" srcset=\"https:\/\/www.oulunsalonvasama.fi\/pesapallo\/wp-content\/uploads\/JussinKisa2016.png 1280w, https:\/\/www.oulunsalonvasama.fi\/pesapallo\/wp-content\/uploads\/JussinKisa2016-300x169.png 300w, https:\/\/www.oulunsalonvasama.fi\/pesapallo\/wp-content\/uploads\/JussinKisa2016-768x432.png 768w, https:\/\/www.oulunsalonvasama.fi\/pesapallo\/wp-content\/uploads\/JussinKisa2016-1024x576.png 1024w\" sizes=\"auto, (max-width: 525px) 100vw, 525px\" \/><\/a><\/p>\n<h2><\/h2>\n<h2><\/h2>\n<h2><strong>Tervetuloa \u00a0seuran Kev\u00e4tkokoukseen 9.5. klo 19:00. Oulunsalon kunnantalon kahvioon!<\/strong><\/h2>\n<h2><a href=\"http:\/\/www.oulunsalonvasama.fi\/pesapallo\/wp-content\/uploads\/OSVAN-TUOMARIKOULUTUS-23-FINAL.png\" rel=\"attachment wp-att-2736\"><img loading=\"lazy\" decoding=\"async\" class=\"alignnone size-medium wp-image-2736\" src=\"http:\/\/www.oulunsalonvasama.fi\/pesapallo\/wp-content\/uploads\/OSVAN-TUOMARIKOULUTUS-23-FINAL-300x169.png\" alt=\"OSVAN TUOMARIKOULUTUS 23 FINAL\" width=\"300\" height=\"169\" srcset=\"https:\/\/www.oulunsalonvasama.fi\/pesapallo\/wp-content\/uploads\/OSVAN-TUOMARIKOULUTUS-23-FINAL-300x169.png 300w, https:\/\/www.oulunsalonvasama.fi\/pesapallo\/wp-content\/uploads\/OSVAN-TUOMARIKOULUTUS-23-FINAL-768x432.png 768w, https:\/\/www.oulunsalonvasama.fi\/pesapallo\/wp-content\/uploads\/OSVAN-TUOMARIKOULUTUS-23-FINAL-1024x576.png 1024w, https:\/\/www.oulunsalonvasama.fi\/pesapallo\/wp-content\/uploads\/OSVAN-TUOMARIKOULUTUS-23-FINAL.png 1280w\" sizes=\"auto, (max-width: 300px) 100vw, 300px\" \/><\/a>\u00a0 (klikkaa suuremmaksi)<\/h2>\n<hr \/>\n<h2><\/h2>\n<h2>\u00a0<strong>OsVa hakee kes\u00e4setelity\u00f6ntekij\u00f6it\u00e4!<\/strong><\/h2>\n<p>Etsimme mukaan reippaita ja luotettavia kes\u00e4ty\u00f6setelil\u00e4isi\u00e4! Ty\u00f6teht\u00e4viin kuuluu mm. kioskissa ty\u00f6skentely pelien aikana. Kokemusta pes\u00e4pallosta ei vaadita!<\/p>\n<p>Etsimme my\u00f6s pesiskoulurehtoria ja -ohjaajia.\u00a0Seura tarjoaa koulutuksen ja v\u00e4lineet kes\u00e4\u00e4 varten, mutta jonkinlainen tiet\u00e4mys pesiksest\u00e4 olisi suotavaa. My\u00f6s ohjaaja voi ty\u00f6skennell\u00e4 kes\u00e4ty\u00f6setelill\u00e4. Pesiskoulu aloittaa toimintansa toukokuussa, mutta markkinointia ja suunnittelua tehd\u00e4\u00e4n jo huhtikuun puolella.<\/p>\n<p>Lis\u00e4tietoa ja hakemukset: <a href=\"http:\/\/www.oulunsalonvasama.fi\/pesapallo\/jaosto\/\">Anu Silfverhuth (linkki)<\/a><\/p>\n<hr \/>\n<h2><\/h2>\n<h2><strong>T\u00e4m\u00e4n vuoden tuomarikoulutukset j\u00e4rjestet\u00e4\u00e4n:<\/strong><\/h2>\n<p>Aloittavat tuomarit: 23.3. Klo 18 Kirkonkyl\u00e4n koululla<\/p>\n<p>Jatkavat tuomarit: 16.3. Klo 18 Kunnantalolla<\/p>\n<p>Aloittavien tuomareiden koulutukseen voi menn\u00e4 my\u00f6s esim. junnujoukkueiden kanssa kuuntelemaan, ja oppimaan s\u00e4\u00e4nt\u00f6j\u00e4. Tervetuloa!<\/p>\n<h2><\/h2>\n<hr \/>\n<h2><\/h2>\n<h2><strong>Loistaviin tarjouksiin p\u00e4\u00e4set tutustumaan osoitteessa http:\/\/www.tahtikortti.fi\/oulun-alue\/ Nyt kaikki ostamaan kortteja ja tukemaan jaostoa!<\/strong><\/h2>\n<p><a href=\"http:\/\/www.oulunsalonvasama.fi\/pesapallo\/wp-content\/uploads\/T\u00e4htikortti-20\u20ac.jpg\" rel=\"attachment wp-att-2716\"><img loading=\"lazy\" decoding=\"async\" class=\"alignnone size-medium wp-image-2716\" src=\"http:\/\/www.oulunsalonvasama.fi\/pesapallo\/wp-content\/uploads\/T\u00e4htikortti-20\u20ac-300x160.jpg\" alt=\"T\u00e4htikortti 20\u20ac\" width=\"300\" height=\"160\" srcset=\"https:\/\/www.oulunsalonvasama.fi\/pesapallo\/wp-content\/uploads\/T\u00e4htikortti-20\u20ac-300x160.jpg 300w, https:\/\/www.oulunsalonvasama.fi\/pesapallo\/wp-content\/uploads\/T\u00e4htikortti-20\u20ac-768x410.jpg 768w, https:\/\/www.oulunsalonvasama.fi\/pesapallo\/wp-content\/uploads\/T\u00e4htikortti-20\u20ac-1024x547.jpg 1024w, https:\/\/www.oulunsalonvasama.fi\/pesapallo\/wp-content\/uploads\/T\u00e4htikortti-20\u20ac.jpg 1211w\" sizes=\"auto, (max-width: 300px) 100vw, 300px\" \/><\/a><\/p>\n<h2><strong><em>Kouluk\u00e4ynnit on tehty<\/em><\/strong><\/h2>\n<p><strong><em>Suuri kiitos kouluille, opettajille, oppilaille ja j\u00e4rjest\u00e4jillemme kouluk\u00e4yntien onnistumisesta! Vietimme mukavia hetki\u00e4 pesiksen parissa hienosti k\u00e4ytt\u00e4ytyvien osallistujien kanssa! Kiitos!<\/em><\/strong><\/p>\n<p><em>Tervetuloa kokeilemaan harrastusta suoraan joukkueiden treeneihin!<\/em><\/p>\n<p><a href=\"http:\/\/www.oulunsalonvasama.fi\/pesapallo\/wp-content\/uploads\/Dia2-1.png\" target=\"_blank\" rel=\"attachment wp-att-2658 noopener noreferrer\"><img loading=\"lazy\" decoding=\"async\" class=\"alignleft wp-image-2658\" src=\"http:\/\/www.oulunsalonvasama.fi\/pesapallo\/wp-content\/uploads\/Dia2-1-1024x576.png\" alt=\"Tervetuloa harrastamaan!\" width=\"504\" height=\"284\" srcset=\"https:\/\/www.oulunsalonvasama.fi\/pesapallo\/wp-content\/uploads\/Dia2-1-1024x576.png 1024w, https:\/\/www.oulunsalonvasama.fi\/pesapallo\/wp-content\/uploads\/Dia2-1-300x169.png 300w, https:\/\/www.oulunsalonvasama.fi\/pesapallo\/wp-content\/uploads\/Dia2-1-768x432.png 768w, https:\/\/www.oulunsalonvasama.fi\/pesapallo\/wp-content\/uploads\/Dia2-1.png 1280w\" sizes=\"auto, (max-width: 504px) 100vw, 504px\" \/><\/a><\/p>\n<p><em>Joukkueet:\u00a0<a href=\"http:\/\/www.oulunsalonvasama.fi\/pesapallo\/joukkueet\/juniorijoukkueet\/\" target=\"_blank\" rel=\"noopener noreferrer\">http:\/\/www.oulunsalonvasama.fi\/pesapallo\/joukkueet\/juniorijoukkueet\/<\/a><\/em><\/p>\n<h2>OsVa Pes\u00e4pallo j\u00e4rjest\u00e4\u00e4 harrastep\u00e4ivi\u00e4\u00a0Oulunsalon ala-asteilla tammikuussa!<\/h2>\n<p><em>12.1. Kirkonkyl\u00e4n koulu<\/em><\/p>\n<p><em>19.1. Pitk\u00e4kankaan koulu<\/em><\/p>\n<p><em>25.1. Niemenrannan koulu<\/em><\/p>\n<p><em>28.1. Salonp\u00e4\u00e4n koulu<\/em><\/p>\n<h2><a href=\"http:\/\/www.oulunsalonvasama.fi\/pesapallo\/about\/hyvaa-joulua-122015\/\" rel=\"attachment wp-att-2616\"><img loading=\"lazy\" decoding=\"async\" class=\"alignleft wp-image-2616\" src=\"http:\/\/www.oulunsalonvasama.fi\/pesapallo\/wp-content\/uploads\/Hyv\u00e4\u00e4-Joulua-122015.png\" alt=\"Hyv\u00e4\u00e4 Joulua 122015\" width=\"513\" height=\"250\" srcset=\"https:\/\/www.oulunsalonvasama.fi\/pesapallo\/wp-content\/uploads\/Hyv\u00e4\u00e4-Joulua-122015.png 630w, https:\/\/www.oulunsalonvasama.fi\/pesapallo\/wp-content\/uploads\/Hyv\u00e4\u00e4-Joulua-122015-300x146.png 300w\" sizes=\"auto, (max-width: 513px) 100vw, 513px\" \/><\/a><\/h2>\n<h2><\/h2>\n<h2><\/h2>\n<hr \/>\n<h2><\/h2>\n<h2><strong>\u00c4\u00e4nestet\u00e4\u00e4n OsVa mukaan Arinan Kannustajat 2016 -yhteisty\u00f6h\u00f6n!<\/strong><\/h2>\n<p>Osva Pes\u00e4pallo on mukana Arinan Kannustajat 2016 -\u00e4\u00e4nestyksess\u00e4. \u00c4\u00e4nestysaikaa on <strong>13.12<\/strong>. asti, jonka j\u00e4lkeen valitaan mukaan 15-20 seuraa mukaan. Mukaan p\u00e4\u00e4sy mahdollistaisi varojen kerrytt\u00e4misen nuorisotoimintaan ja sen kehitt\u00e4mist\u00e4 varten. \u00c4\u00e4nestet\u00e4\u00e4n siis yhdess\u00e4 OsVa mukaan! Kuka tahansa voi \u00e4\u00e4nest\u00e4\u00e4 kerran, joten jakakaa kaikki viesti\u00e4 eteenp\u00e4in!<\/p>\n<p>Linkki \u00e4\u00e4nestykseen; <a href=\"https:\/\/www.s-kanava.fi\/web\/arina\/uutinen\/aanesta-suosikkiseurasi-kannustajiin\/1501609_11166\">klikkaa t\u00e4st\u00e4<\/a><\/p>\n<h2><\/h2>\n<h2>\u00a0<a href=\"http:\/\/www.oulunsalonvasama.fi\/pesapallo\/wp-content\/uploads\/Dia1.png\"><img loading=\"lazy\" decoding=\"async\" class=\"alignleft wp-image-2532\" src=\"http:\/\/www.oulunsalonvasama.fi\/pesapallo\/wp-content\/uploads\/Dia1-1024x576.png\" alt=\"Dia1\" width=\"540\" height=\"303\" srcset=\"https:\/\/www.oulunsalonvasama.fi\/pesapallo\/wp-content\/uploads\/Dia1-1024x576.png 1024w, https:\/\/www.oulunsalonvasama.fi\/pesapallo\/wp-content\/uploads\/Dia1-300x169.png 300w, https:\/\/www.oulunsalonvasama.fi\/pesapallo\/wp-content\/uploads\/Dia1.png 1280w\" sizes=\"auto, (max-width: 540px) 100vw, 540px\" \/><\/a><a href=\"http:\/\/www.oulunsalonvasama.fi\/pesapallo\/wp-content\/uploads\/G-juniorit.gif\"><br \/>\n<img loading=\"lazy\" decoding=\"async\" class=\"alignleft wp-image-2537\" src=\"http:\/\/www.oulunsalonvasama.fi\/pesapallo\/wp-content\/uploads\/G-juniorit-1024x576.gif\" alt=\"G juniorit\" width=\"540\" height=\"304\" srcset=\"https:\/\/www.oulunsalonvasama.fi\/pesapallo\/wp-content\/uploads\/G-juniorit-1024x576.gif 1024w, https:\/\/www.oulunsalonvasama.fi\/pesapallo\/wp-content\/uploads\/G-juniorit-300x169.gif 300w\" sizes=\"auto, (max-width: 540px) 100vw, 540px\" \/><\/a><a href=\"http:\/\/www.oulunsalonvasama.fi\/pesapallo\/wp-content\/uploads\/C-pojat.gif\"><br \/>\n<\/a><a href=\"http:\/\/www.oulunsalonvasama.fi\/pesapallo\/wp-content\/uploads\/D-tyt\u00f6t.gif\"><br \/>\n<img loading=\"lazy\" decoding=\"async\" class=\"alignleft wp-image-2536\" src=\"http:\/\/www.oulunsalonvasama.fi\/pesapallo\/wp-content\/uploads\/D-tyt\u00f6t-1024x576.gif\" alt=\"D tyt\u00f6t\" width=\"530\" height=\"297\" srcset=\"https:\/\/www.oulunsalonvasama.fi\/pesapallo\/wp-content\/uploads\/D-tyt\u00f6t-1024x576.gif 1024w, https:\/\/www.oulunsalonvasama.fi\/pesapallo\/wp-content\/uploads\/D-tyt\u00f6t-300x169.gif 300w\" sizes=\"auto, (max-width: 530px) 100vw, 530px\" \/><\/a><a href=\"http:\/\/www.oulunsalonvasama.fi\/pesapallo\/wp-content\/uploads\/C-pojat.gif\"><img loading=\"lazy\" decoding=\"async\" class=\"alignleft wp-image-2535\" src=\"http:\/\/www.oulunsalonvasama.fi\/pesapallo\/wp-content\/uploads\/C-pojat-1024x576.gif\" alt=\"C pojat\" width=\"546\" height=\"306\" srcset=\"https:\/\/www.oulunsalonvasama.fi\/pesapallo\/wp-content\/uploads\/C-pojat-1024x576.gif 1024w, https:\/\/www.oulunsalonvasama.fi\/pesapallo\/wp-content\/uploads\/C-pojat-300x169.gif 300w\" sizes=\"auto, (max-width: 546px) 100vw, 546px\" \/><\/a><a href=\"http:\/\/www.oulunsalonvasama.fi\/pesapallo\/wp-content\/uploads\/Dia2.png\"><img loading=\"lazy\" decoding=\"async\" class=\"alignleft wp-image-2533\" src=\"http:\/\/www.oulunsalonvasama.fi\/pesapallo\/wp-content\/uploads\/Dia2-1024x576.png\" alt=\"Dia2\" width=\"530\" height=\"298\" srcset=\"https:\/\/www.oulunsalonvasama.fi\/pesapallo\/wp-content\/uploads\/Dia2-1024x576.png 1024w, https:\/\/www.oulunsalonvasama.fi\/pesapallo\/wp-content\/uploads\/Dia2-300x169.png 300w, https:\/\/www.oulunsalonvasama.fi\/pesapallo\/wp-content\/uploads\/Dia2.png 1280w\" sizes=\"auto, (max-width: 530px) 100vw, 530px\" \/><\/a><a href=\"http:\/\/www.oulunsalonvasama.fi\/pesapallo\/wp-content\/uploads\/Dia3.png\"><img loading=\"lazy\" decoding=\"async\" class=\"alignleft wp-image-2534\" src=\"http:\/\/www.oulunsalonvasama.fi\/pesapallo\/wp-content\/uploads\/Dia3-1024x576.png\" alt=\"Dia3\" width=\"530\" height=\"298\" srcset=\"https:\/\/www.oulunsalonvasama.fi\/pesapallo\/wp-content\/uploads\/Dia3-1024x576.png 1024w, https:\/\/www.oulunsalonvasama.fi\/pesapallo\/wp-content\/uploads\/Dia3-300x169.png 300w, https:\/\/www.oulunsalonvasama.fi\/pesapallo\/wp-content\/uploads\/Dia3.png 1280w\" sizes=\"auto, (max-width: 530px) 100vw, 530px\" \/><\/a><\/h2>\n<h2><strong>Harrastepesis siirtynyt tauolle!<\/strong><\/h2>\n<p>Kiitokset kaikille kuluneesta kes\u00e4st\u00e4 ja harrastepesis treeneist\u00e4! N\u00e4hd\u00e4\u00e4n j\u00e4lleen ensi kaudella!<\/p>\n<h2><\/h2>\n<h2>\u00a0<strong>Tervetuloa jaoston p\u00e4\u00e4tt\u00e4j\u00e4isiin!<\/strong><\/h2>\n<p>Jaoston p\u00e4\u00e4tt\u00e4j\u00e4iset pidet\u00e4\u00e4n perjantaina\u00a0<strong>11.9. kotipes\u00e4ll\u00e4 (Kirkonkyl\u00e4n kentt\u00e4)<\/strong>. Aloitamme klo 18 ja touhuamme kaikkea mukavaa porukalla :) Jos huono s\u00e4\u00e4 yll\u00e4tt\u00e4\u00e4 siirrymme Kirkonkyl\u00e4n koululle. Kaikki joukkueet ja muuten toiminnassa mukana olleet ovat tervetulleita!<\/p>\n<h2>\u00a0<img loading=\"lazy\" decoding=\"async\" class=\"alignleft wp-image-2494\" src=\"http:\/\/www.oulunsalonvasama.fi\/pesapallo\/wp-content\/uploads\/Pesisjoukkueisiin.jpg\" alt=\"Pesisjoukkueisiin\" width=\"500\" height=\"530\" srcset=\"https:\/\/www.oulunsalonvasama.fi\/pesapallo\/wp-content\/uploads\/Pesisjoukkueisiin.jpg 746w, https:\/\/www.oulunsalonvasama.fi\/pesapallo\/wp-content\/uploads\/Pesisjoukkueisiin-283x300.jpg 283w\" sizes=\"auto, (max-width: 500px) 100vw, 500px\" \/><\/h2>\n<p><strong>Lis\u00e4tietoja joukkueisiin liittymisest\u00e4 my\u00f6s:<\/strong><\/p>\n<p><strong>Anu Silfverhuth<\/strong><br \/>\n<strong><em>etunimisukunimi@oulnsalonvasama.fi<\/em><\/strong><br \/>\n<strong><em>p. 0400 200731<\/em><\/strong><\/p>\n<h2><\/h2>\n<h2><\/h2>\n<h2><\/h2>\n<h2><\/h2>\n<h2><strong>Suuri kiitos pesiskoululaisille, vanhemmille ja valmentajille Pesiskoulusta 2015!<\/strong><\/h2>\n<p><a href=\"http:\/\/www.oulunsalonvasama.fi\/pesapallo\/wp-content\/uploads\/DSC_2254.jpg\"><img loading=\"lazy\" decoding=\"async\" class=\"alignleft wp-image-2506\" src=\"http:\/\/www.oulunsalonvasama.fi\/pesapallo\/wp-content\/uploads\/DSC_2254-1024x576.jpg\" alt=\"DSC_2254\" width=\"523\" height=\"294\" srcset=\"https:\/\/www.oulunsalonvasama.fi\/pesapallo\/wp-content\/uploads\/DSC_2254-1024x576.jpg 1024w, https:\/\/www.oulunsalonvasama.fi\/pesapallo\/wp-content\/uploads\/DSC_2254-300x169.jpg 300w\" sizes=\"auto, (max-width: 523px) 100vw, 523px\" \/><\/a><\/p>\n<h2>Onnea C-pojat! Hienoa m<br \/>\nenestyst\u00e4\u00a0Nuorisoleirilt\u00e4!<\/h2>\n<p><a href=\"http:\/\/www.oulunsalonvasama.fi\/pesapallo\/wp-content\/uploads\/IMG-20150729-WA0009.jpg\"><img loading=\"lazy\" decoding=\"async\" class=\"alignleft wp-image-2464\" src=\"http:\/\/www.oulunsalonvasama.fi\/pesapallo\/wp-content\/uploads\/IMG-20150729-WA0009-1024x576.jpg\" alt=\"IMG-20150729-WA0009\" width=\"523\" height=\"294\" srcset=\"https:\/\/www.oulunsalonvasama.fi\/pesapallo\/wp-content\/uploads\/IMG-20150729-WA0009-1024x576.jpg 1024w, https:\/\/www.oulunsalonvasama.fi\/pesapallo\/wp-content\/uploads\/IMG-20150729-WA0009-300x169.jpg 300w, https:\/\/www.oulunsalonvasama.fi\/pesapallo\/wp-content\/uploads\/IMG-20150729-WA0009.jpg 1280w\" sizes=\"auto, (max-width: 523px) 100vw, 523px\" \/><\/a><\/p>\n<h2>Terveisi\u00e4 Nuorisoleirilt\u00e4 Oulusta!<\/h2>\n<p><a href=\"http:\/\/www.oulunsalonvasama.fi\/pesapallo\/wp-content\/uploads\/IMG-20150729-WA0007.jpg\"><img loading=\"lazy\" decoding=\"async\" class=\"alignleft wp-image-2463\" src=\"http:\/\/www.oulunsalonvasama.fi\/pesapallo\/wp-content\/uploads\/IMG-20150729-WA0007-1024x576.jpg\" alt=\"IMG-20150729-WA0007\" width=\"528\" height=\"297\" srcset=\"https:\/\/www.oulunsalonvasama.fi\/pesapallo\/wp-content\/uploads\/IMG-20150729-WA0007-1024x576.jpg 1024w, https:\/\/www.oulunsalonvasama.fi\/pesapallo\/wp-content\/uploads\/IMG-20150729-WA0007-300x169.jpg 300w, https:\/\/www.oulunsalonvasama.fi\/pesapallo\/wp-content\/uploads\/IMG-20150729-WA0007.jpg 1280w\" sizes=\"auto, (max-width: 528px) 100vw, 528px\" \/><\/a><\/p>\n<h2>Joona Korpelalle tunnustusta Suurleirin Tuomaritarkkailusta! Paljon Onnea Joonalle!<\/h2>\n<p><a href=\"http:\/\/www.oulunsalonvasama.fi\/pesapallo\/wp-content\/uploads\/Joona-14.7-2015.jpg\"><img loading=\"lazy\" decoding=\"async\" class=\"alignleft wp-image-2460\" src=\"http:\/\/www.oulunsalonvasama.fi\/pesapallo\/wp-content\/uploads\/Joona-14.7-2015-1024x528.jpg\" alt=\"Joona 14.7 2015\" width=\"527\" height=\"273\" srcset=\"https:\/\/www.oulunsalonvasama.fi\/pesapallo\/wp-content\/uploads\/Joona-14.7-2015-1024x528.jpg 1024w, https:\/\/www.oulunsalonvasama.fi\/pesapallo\/wp-content\/uploads\/Joona-14.7-2015-300x155.jpg 300w\" sizes=\"auto, (max-width: 527px) 100vw, 527px\" \/><\/a><\/p>\n<h2>Suurleirilt\u00e4 kokemusta ja menestyst\u00e4! Onnea D-tyt\u00f6t!<\/h2>\n<p><a href=\"http:\/\/www.oulunsalonvasama.fi\/pesapallo\/wp-content\/uploads\/IMG-20150710-WA0004.jpg\"><img loading=\"lazy\" decoding=\"async\" class=\"alignleft wp-image-2458\" src=\"http:\/\/www.oulunsalonvasama.fi\/pesapallo\/wp-content\/uploads\/IMG-20150710-WA0004-1024x768.jpg\" alt=\"IMG-20150710-WA0004\" width=\"528\" height=\"395\" srcset=\"https:\/\/www.oulunsalonvasama.fi\/pesapallo\/wp-content\/uploads\/IMG-20150710-WA0004-1024x768.jpg 1024w, https:\/\/www.oulunsalonvasama.fi\/pesapallo\/wp-content\/uploads\/IMG-20150710-WA0004-300x225.jpg 300w, https:\/\/www.oulunsalonvasama.fi\/pesapallo\/wp-content\/uploads\/IMG-20150710-WA0004.jpg 1600w\" sizes=\"auto, (max-width: 528px) 100vw, 528px\" \/><\/a><\/p>\n<h2><span style=\"color: #000000;\">Terveisi\u00e4 D-ik\u00e4isten alueleirilt\u00e4 Simosta!<\/span><\/h2>\n<p><a href=\"http:\/\/www.oulunsalonvasama.fi\/pesapallo\/wp-content\/uploads\/DSC_0852.jpg\"><img loading=\"lazy\" decoding=\"async\" class=\"alignleft wp-image-2452\" src=\"http:\/\/www.oulunsalonvasama.fi\/pesapallo\/wp-content\/uploads\/DSC_0852-1024x576.jpg\" alt=\"DSC_0852\" width=\"530\" height=\"298\" srcset=\"https:\/\/www.oulunsalonvasama.fi\/pesapallo\/wp-content\/uploads\/DSC_0852-1024x576.jpg 1024w, https:\/\/www.oulunsalonvasama.fi\/pesapallo\/wp-content\/uploads\/DSC_0852-300x169.jpg 300w\" sizes=\"auto, (max-width: 530px) 100vw, 530px\" \/><\/a><\/p>\n<h2>Onnea Valmistuneille!<\/h2>\n<p>Naisten Suomensarjan joukkueen valmistuneet kukitettiin 2.6.15 ennen peli\u00e4.<\/p>\n<p>Riikka Airio valmistui Medianomiksi.<\/p>\n<p>Ylioppilaslakin saivat Pia T\u00f6rr\u00f6 ja Emma Kemppainen.<a href=\"http:\/\/www.oulunsalonvasama.fi\/pesapallo\/wp-content\/uploads\/Onnittelut-2015.jpg\"><img loading=\"lazy\" decoding=\"async\" class=\" wp-image-2445 alignnone\" src=\"http:\/\/www.oulunsalonvasama.fi\/pesapallo\/wp-content\/uploads\/Onnittelut-2015-1024x576.jpg\" alt=\"Onnittelut 2015\" width=\"533\" height=\"300\" srcset=\"https:\/\/www.oulunsalonvasama.fi\/pesapallo\/wp-content\/uploads\/Onnittelut-2015-1024x576.jpg 1024w, https:\/\/www.oulunsalonvasama.fi\/pesapallo\/wp-content\/uploads\/Onnittelut-2015-300x169.jpg 300w, https:\/\/www.oulunsalonvasama.fi\/pesapallo\/wp-content\/uploads\/Onnittelut-2015.jpg 1280w\" sizes=\"auto, (max-width: 533px) 100vw, 533px\" \/><\/a>.<\/p>\n<h2>OHOVI 2015!<\/h2>\n<p>OHOVI tapahtuma j\u00e4rjestettiin tiistaina 19.5. iloisissa merkeiss\u00e4.<\/p>\n<p>Perheet ja varsinkin tenavat l\u00f6ysiv\u00e4t ainakin Pes\u00e4palloharraste pisteen niin hyvin, ett\u00e4 jonoa ly\u00f6nti ja heittopaikoille oli koko tapahtuman ajan :)<\/p>\n<p>L\u00e4mmin Kiitos kaikille k\u00e4vij\u00f6ille sek\u00e4 tapahtuman j\u00e4rjest\u00e4jille ja OsVa PP:n pesiskouluohjaajille!<\/p>\n<p><a href=\"http:\/\/www.oulunsalonvasama.fi\/pesapallo\/wp-content\/uploads\/OHOVI2015_1.jpg\"><img loading=\"lazy\" decoding=\"async\" class=\"alignleft wp-image-2432\" src=\"http:\/\/www.oulunsalonvasama.fi\/pesapallo\/wp-content\/uploads\/OHOVI2015_1-169x300.jpg\" alt=\"OHOVI2015_1\" width=\"159\" height=\"282\" srcset=\"https:\/\/www.oulunsalonvasama.fi\/pesapallo\/wp-content\/uploads\/OHOVI2015_1-169x300.jpg 169w, https:\/\/www.oulunsalonvasama.fi\/pesapallo\/wp-content\/uploads\/OHOVI2015_1-576x1024.jpg 576w\" sizes=\"auto, (max-width: 159px) 100vw, 159px\" \/><\/a><a href=\"http:\/\/www.oulunsalonvasama.fi\/pesapallo\/wp-content\/uploads\/OHOVI2015_2.jpg\"><img loading=\"lazy\" decoding=\"async\" class=\"alignleft wp-image-2433\" src=\"http:\/\/www.oulunsalonvasama.fi\/pesapallo\/wp-content\/uploads\/OHOVI2015_2-169x300.jpg\" alt=\"OHOVI2015_2\" width=\"158\" height=\"282\" \/><\/a><a href=\"http:\/\/www.oulunsalonvasama.fi\/pesapallo\/wp-content\/uploads\/OHOVI2015_4.jpg\"><img loading=\"lazy\" decoding=\"async\" class=\"alignleft wp-image-2435\" src=\"http:\/\/www.oulunsalonvasama.fi\/pesapallo\/wp-content\/uploads\/OHOVI2015_4-169x300.jpg\" alt=\"OHOVI2015_4\" width=\"160\" height=\"282\" \/><\/a><\/p>\n<h2>Harratepesis aikuisille!<\/h2>\n<p>Tervetuloa Oulunsalon Vasaman harrastepesiksen pariin kaikki pes\u00e4pallosta kiinnostuneet Aikuiset ja yli 12 vuotiaat!<\/p>\n<p>Ei v\u00e4li\u00e4 oletko pelannut ennen vai et!<\/p>\n<p>OsVa Pes\u00e4pallo j\u00e4rjest\u00e4\u00e4 treenej\u00e4\u00a0sunnuntaisin 17.5. \u2013 14.6. ja elo-syyskuussa klo 19:00 alkaen Oulunsalon Kirkonkyl\u00e4n Hiekkatekonurmella.<\/p>\n<p>Ota mukaan oma r\u00e4pyl\u00e4 ja tule mukaan harjoittelemaan, pelaamaan ja nauttimaan!<\/p>\n<p>Maksu 30\u20ac\/harrastaja\/kes\u00e4.<\/p>\n<p style=\"text-align: left;\"><a href=\"http:\/\/www.oulunsalonvasama.fi\/pesapallo\/wp-content\/uploads\/Harrastepesis-2015.jpg\"><img loading=\"lazy\" decoding=\"async\" class=\"alignleft wp-image-2397\" src=\"http:\/\/www.oulunsalonvasama.fi\/pesapallo\/wp-content\/uploads\/Harrastepesis-2015-300x169.jpg\" alt=\"Harrastepesis 2015\" width=\"359\" height=\"202\" srcset=\"https:\/\/www.oulunsalonvasama.fi\/pesapallo\/wp-content\/uploads\/Harrastepesis-2015-300x169.jpg 300w, https:\/\/www.oulunsalonvasama.fi\/pesapallo\/wp-content\/uploads\/Harrastepesis-2015-1024x576.jpg 1024w, https:\/\/www.oulunsalonvasama.fi\/pesapallo\/wp-content\/uploads\/Harrastepesis-2015.jpg 1280w\" sizes=\"auto, (max-width: 359px) 100vw, 359px\" \/><\/a><\/p>\n<h2>\u00a0Jussinkisa- turnaus peruttu<\/h2>\n<p>Su 3.5 emme valitettavasti pelaa Jussinkisa- turnausta. S\u00e4\u00e4olot vaikuttavat heikoilta.<\/p>\n<h2><a href=\"http:\/\/www.oulunsalonvasama.fi\/pesapallo\/wp-content\/uploads\/Pesiskoulu-mainos-A4-2015_1.jpg\"><img loading=\"lazy\" decoding=\"async\" class=\"alignleft wp-image-2354\" src=\"http:\/\/www.oulunsalonvasama.fi\/pesapallo\/wp-content\/uploads\/Pesiskoulu-mainos-A4-2015_1-768x1024.jpg\" alt=\"Pesiskoulu mainos A4 2015_1\" width=\"500\" height=\"667\" srcset=\"https:\/\/www.oulunsalonvasama.fi\/pesapallo\/wp-content\/uploads\/Pesiskoulu-mainos-A4-2015_1-768x1024.jpg 768w, https:\/\/www.oulunsalonvasama.fi\/pesapallo\/wp-content\/uploads\/Pesiskoulu-mainos-A4-2015_1-225x300.jpg 225w, https:\/\/www.oulunsalonvasama.fi\/pesapallo\/wp-content\/uploads\/Pesiskoulu-mainos-A4-2015_1.jpg 1008w\" sizes=\"auto, (max-width: 500px) 100vw, 500px\" \/><\/a><\/h2>\n<h2>Tervetuloa Seuran\u00a0kev\u00e4tkokoukseen!<\/h2>\n<h4>Su 26.4.15 klo 18:00\u00a0Kirkonkyl\u00e4n koulun ruokasali<\/h4>\n<h2>Tervetuloa Jaoston kokoukseen!<\/h2>\n<h4>Su 12.4.15 klo 18:00 Pes\u00e4<\/h4>\n<h2>OsVa kouluttaa tuomareita!<\/h2>\n<h2><strong><a href=\"http:\/\/www.oulunsalonvasama.fi\/pesapallo\/wp-content\/uploads\/Zeepra-e1425733943904.jpg\"><img loading=\"lazy\" decoding=\"async\" class=\" wp-image-2289 alignright\" src=\"http:\/\/www.oulunsalonvasama.fi\/pesapallo\/wp-content\/uploads\/Zeepra-150x150.jpg\" alt=\"Zeepra\" width=\"119\" height=\"119\" \/><\/a><\/strong><\/h2>\n<h4><strong>Kev\u00e4\u00e4n 2015 tuomarikoulutukset j\u00e4rjestet\u00e4\u00e4n seuraavasti:<\/strong><\/h4>\n<p><strong>Maakuntakoulutus (jatkavat tuomarit) su 22.3 klo 15.00 Oulunsalon kunnan valtuustosali<\/strong><\/p>\n<p><strong>Nuorisotuomarikoulutus (aloittavat ja yhden vuoden vihelt\u00e4neet nuorisotuomarit) to 26.3 klo 18.00 Kirkonkyl\u00e4n koulu.<\/strong><\/p>\n<h2><\/h2>\n<h2><\/h2>\n<h2><\/h2>\n<h2><\/h2>\n<h2><\/h2>\n<h2><\/h2>\n<h2><\/h2>\n<h2><span style=\"color: #000000;\">Tervetuloa joukkueisiin tai perustamaan uutta joukkuetta, niin pelaajat, vanhemmat kuin valmennuskin!<\/span><\/h2>\n<p>Pesiskerho (p\u00e4\u00e4s\u00e4\u00e4nt\u00f6isesti g- ja f-junnut) aloittavat treenit torstaina 2.10. Harjoitukset ovat syyskaudella joka torstai klo 18:00-19:00 Pitk\u00e4kankaan koulun salissa. Kerhosta perustetaan joukkue \/ siirryt\u00e4\u00e4n joukkueisiin viimeist\u00e4\u00e4n joulun j\u00e4lkeen!<\/p>\n<p><a href=\"http:\/\/www.oulunsalonvasama.fi\/pesapallo\/wp-content\/uploads\/Tervetuloa-2014.jpg\"><img loading=\"lazy\" decoding=\"async\" class=\"alignleft size-medium wp-image-2183\" src=\"http:\/\/www.oulunsalonvasama.fi\/pesapallo\/wp-content\/uploads\/Tervetuloa-2014-300x168.jpg\" alt=\"Tervetuloa 2014\" width=\"300\" height=\"168\" srcset=\"https:\/\/www.oulunsalonvasama.fi\/pesapallo\/wp-content\/uploads\/Tervetuloa-2014-300x168.jpg 300w, https:\/\/www.oulunsalonvasama.fi\/pesapallo\/wp-content\/uploads\/Tervetuloa-2014-1024x576.jpg 1024w, https:\/\/www.oulunsalonvasama.fi\/pesapallo\/wp-content\/uploads\/Tervetuloa-2014.jpg 1280w\" sizes=\"auto, (max-width: 300px) 100vw, 300px\" \/><\/a><\/p>\n<h2>Tasalukemiin loppunut harjoituspeli EP &#8211; ET p\u00e4\u00e4tti hienon ja kokemusrikkaan kauden!<\/h2>\n<p>ET &amp; EP joukkueet kiitt\u00e4v\u00e4t kaikkia aurinkoisesta ja vauhdikkaasta kaudesta! Ensi kaudella eli Lokakuussa ja kes\u00e4ll\u00e4 j\u00e4lleen n\u00e4hd\u00e4\u00e4n :)<\/p>\n<p style=\"text-align: left;\"><a href=\"http:\/\/www.oulunsalonvasama.fi\/pesapallo\/wp-content\/uploads\/IMG_4614.jpg\"><img loading=\"lazy\" decoding=\"async\" class=\"alignleft size-medium wp-image-2134\" src=\"http:\/\/www.oulunsalonvasama.fi\/pesapallo\/wp-content\/uploads\/IMG_4614-300x200.jpg\" alt=\"IMG_4614\" width=\"300\" height=\"200\" srcset=\"https:\/\/www.oulunsalonvasama.fi\/pesapallo\/wp-content\/uploads\/IMG_4614-300x200.jpg 300w, https:\/\/www.oulunsalonvasama.fi\/pesapallo\/wp-content\/uploads\/IMG_4614.jpg 760w\" sizes=\"auto, (max-width: 300px) 100vw, 300px\" \/><\/a><\/p>\n<h2><a href=\"http:\/\/www.oulunsalonvasama.fi\/pesapallo\/wp-content\/uploads\/Kuumia-tunteita-her\u00e4tt\u00e4nyt-peli-Oulunsalon-Hiekkatekonurmella-26.8.14.jpg\"><img loading=\"lazy\" decoding=\"async\" class=\"alignleft size-medium wp-image-2133\" src=\"http:\/\/www.oulunsalonvasama.fi\/pesapallo\/wp-content\/uploads\/Kuumia-tunteita-her\u00e4tt\u00e4nyt-peli-Oulunsalon-Hiekkatekonurmella-26.8.14-225x300.jpg\" alt=\"Kuumia tunteita her\u00e4tt\u00e4nyt peli Oulunsalon Hiekkatekonurmella 26.8.14\" width=\"225\" height=\"300\" srcset=\"https:\/\/www.oulunsalonvasama.fi\/pesapallo\/wp-content\/uploads\/Kuumia-tunteita-her\u00e4tt\u00e4nyt-peli-Oulunsalon-Hiekkatekonurmella-26.8.14-225x300.jpg 225w, https:\/\/www.oulunsalonvasama.fi\/pesapallo\/wp-content\/uploads\/Kuumia-tunteita-her\u00e4tt\u00e4nyt-peli-Oulunsalon-Hiekkatekonurmella-26.8.14-768x1024.jpg 768w, https:\/\/www.oulunsalonvasama.fi\/pesapallo\/wp-content\/uploads\/Kuumia-tunteita-her\u00e4tt\u00e4nyt-peli-Oulunsalon-Hiekkatekonurmella-26.8.14.jpg 1008w\" sizes=\"auto, (max-width: 225px) 100vw, 225px\" \/><\/a><\/h2>\n<h2><\/h2>\n<h2>E-tyt\u00f6t valtakunnallisella leirill\u00e4 Haapaj\u00e4rvell\u00e4 6.-11.7.2014<\/h2>\n<p><a href=\"http:\/\/www.oulunsalonvasama.fi\/pesapallo\/wp-content\/uploads\/ET14-nettiin.jpg\"><img loading=\"lazy\" decoding=\"async\" class=\"alignleft wp-image-2096 size-medium\" src=\"http:\/\/www.oulunsalonvasama.fi\/pesapallo\/wp-content\/uploads\/ET14-nettiin-300x225.jpg\" alt=\"OLYMPUS DIGITAL CAMERA\" width=\"300\" height=\"225\" srcset=\"https:\/\/www.oulunsalonvasama.fi\/pesapallo\/wp-content\/uploads\/ET14-nettiin-300x225.jpg 300w, https:\/\/www.oulunsalonvasama.fi\/pesapallo\/wp-content\/uploads\/ET14-nettiin-1024x768.jpg 1024w, https:\/\/www.oulunsalonvasama.fi\/pesapallo\/wp-content\/uploads\/ET14-nettiin.jpg 1632w\" sizes=\"auto, (max-width: 300px) 100vw, 300px\" \/><\/a><\/p>\n<p>OsVan E-pesistytsyt ottavat\u00a0 osaa Haapaj\u00e4rvell\u00e4 pelattavalle valtakunnalliselle tenavaleirille! Huhujen mukaan tyt\u00f6t ovat pelanneet hyvi\u00e4 otteluita kovia perinteisi\u00e4 pesispaikkakuntia vastaan. Mukaan on mahtunut voittoja, niukkia tappioita ja ennen kaikkea mahtavia el\u00e4myksi\u00e4!\u00a0 T\u00e4st\u00e4 on viikon j\u00e4lkeen hyv\u00e4 jatkaa kokemusta rikkaampana. :)<\/p>\n<p><a href=\"http:\/\/pesistulospalvelu.ekdi.fi\/ottelut\/41\/305\/2324\">Ottelut ja tulokset t\u00e4st\u00e4<\/a><\/p>\n<h2>E-nuorten alueleiri Iiss\u00e4 12.-15-6-2014<\/h2>\n<p>Oulunsalon Vasaman E-joukkueiden terveiset Ii:st\u00e4! :)<\/p>\n<p><a href=\"http:\/\/www.oulunsalonvasama.fi\/pesapallo\/wp-content\/uploads\/OsVa-E-joukkueet-Ii-130614.jpg\"><img loading=\"lazy\" decoding=\"async\" class=\"alignleft size-medium wp-image-2073\" src=\"http:\/\/www.oulunsalonvasama.fi\/pesapallo\/wp-content\/uploads\/OsVa-E-joukkueet-Ii-130614-300x168.jpg\" alt=\"OsVa E joukkueet Ii 130614\" width=\"300\" height=\"168\" srcset=\"https:\/\/www.oulunsalonvasama.fi\/pesapallo\/wp-content\/uploads\/OsVa-E-joukkueet-Ii-130614-300x168.jpg 300w, https:\/\/www.oulunsalonvasama.fi\/pesapallo\/wp-content\/uploads\/OsVa-E-joukkueet-Ii-130614-1024x576.jpg 1024w, https:\/\/www.oulunsalonvasama.fi\/pesapallo\/wp-content\/uploads\/OsVa-E-joukkueet-Ii-130614.jpg 1631w\" sizes=\"auto, (max-width: 300px) 100vw, 300px\" \/><\/a><\/p>\n<p><a href=\"http:\/\/pesistulospalvelu.ekdi.fi\/ottelut\/48\/395\">Tulokset.<\/a><\/p>\n<h2>D-nuorten alueleiri Oulunsalossa 9.-12.6.2014<\/h2>\n<p>OsVan pes\u00e4pallojaosto j\u00e4rjest\u00e4\u00e4 yhdess\u00e4 Pohjois-Suomen pesiksen ja kymmenien talkoolaisten kanssa kes\u00e4kuun alussa D-nuorten alueleirin Oulunsalossa. Leirille odotetaan noin 20 joukkuetta eli 250 &#8211; 350 nuorta pes\u00e4pallon harrastajaa.<\/p>\n<p><strong>Tervetuloa<\/strong> peleihin kannustamaan joukkueita ja nauttimaan Pes\u00e4pallosta!<\/p>\n<p><a href=\"http:\/\/pesistulospalvelu.ekdi.fi\/ottelut\/48\/393\">Ottelut ja tulokset l\u00f6ytyv\u00e4t t\u00e4m\u00e4n linkin takaa.<\/a><\/p>\n<p><a href=\"http:\/\/www.oulunsalonvasama.fi\/pesapallo\/wp-content\/uploads\/D-ik\u00e4isten-Alueleiri-2014-OsVa.jpg\"><img loading=\"lazy\" decoding=\"async\" class=\"alignleft size-medium wp-image-2045\" src=\"http:\/\/www.oulunsalonvasama.fi\/pesapallo\/wp-content\/uploads\/D-ik\u00e4isten-Alueleiri-2014-OsVa-225x300.jpg\" alt=\"D-ik\u00e4isten Alueleiri 2014 OsVa\" width=\"225\" height=\"300\" srcset=\"https:\/\/www.oulunsalonvasama.fi\/pesapallo\/wp-content\/uploads\/D-ik\u00e4isten-Alueleiri-2014-OsVa-225x300.jpg 225w, https:\/\/www.oulunsalonvasama.fi\/pesapallo\/wp-content\/uploads\/D-ik\u00e4isten-Alueleiri-2014-OsVa-768x1024.jpg 768w, https:\/\/www.oulunsalonvasama.fi\/pesapallo\/wp-content\/uploads\/D-ik\u00e4isten-Alueleiri-2014-OsVa.jpg 1008w\" sizes=\"auto, (max-width: 225px) 100vw, 225px\" \/><\/a><\/p>\n<h2>Tervetuloa Pesiskouluumme kes\u00e4ll\u00e4 2014!<\/h2>\n<p>Oletko 6-10 \u2013vuotias vailla mukavaa harrastusta kes\u00e4ksi? Haluatko saada uusia kavereita ja oppia pelaamaan pes\u00e4palloa? Tervetuloa Oulunsalon Vasaman j\u00e4rjest\u00e4m\u00e4\u00e4n pesiskouluun!<\/p>\n<p><a href=\"http:\/\/www.oulunsalonvasama.fi\/pesapallo\/pesiskoulu\">Siiry pesiskoulun sivulle<\/a><\/p>\n<p><a href=\"http:\/\/www.oulunsalonvasama.fi\/pesapallo\/wp-content\/uploads\/Pesiskoulu-mainos-2014-OsVa_1.png\"><img loading=\"lazy\" decoding=\"async\" class=\"alignleft size-medium wp-image-1996\" src=\"http:\/\/www.oulunsalonvasama.fi\/pesapallo\/wp-content\/uploads\/Pesiskoulu-mainos-2014-OsVa_1-225x300.png\" alt=\"Pesiskoulu mainos 2014 OsVa_1\" width=\"225\" height=\"300\" srcset=\"https:\/\/www.oulunsalonvasama.fi\/pesapallo\/wp-content\/uploads\/Pesiskoulu-mainos-2014-OsVa_1-225x300.png 225w, https:\/\/www.oulunsalonvasama.fi\/pesapallo\/wp-content\/uploads\/Pesiskoulu-mainos-2014-OsVa_1-768x1024.png 768w, https:\/\/www.oulunsalonvasama.fi\/pesapallo\/wp-content\/uploads\/Pesiskoulu-mainos-2014-OsVa_1.png 1008w\" sizes=\"auto, (max-width: 225px) 100vw, 225px\" \/><\/a><\/p>\n<h2><\/h2>\n<h2><\/h2>\n<h2><\/h2>\n<h2><\/h2>\n<h2>Aikaisempia juttuja<\/h2>\n<p><a title=\"TSU halliturnaus\" href=\"http:\/\/www.oulunsalonvasama.fi\/pesapallo\/?p=1601\">B-tytt\u00f6jen Halli-SM alkuturnaus Oulussa 23-24.2.2013<\/a><\/p>\n<p><a href=\"http:\/\/www.oulunsalonvasama.fi\/pesapallo\/2012\/05\/vaarat-pois-koulutus\/ \">OsVa mukana PSP:n j\u00e4rjest\u00e4m\u00e4ss\u00e4 v\u00e4\u00e4r\u00e4t pois koulutuksessa<\/a><\/p>\n","protected":false},"excerpt":{"rendered":"<p>OsVa Facebook\u00a0 OsVa Instagram &nbsp; &nbsp; OsVan Starttipesis alkaa 29.6. Ilmoittaudu mukaan: https:\/\/forms.gle\/eceninh6vqPEUSL9A Oulunsalon Vasaman Starttipesis j\u00e4rjestet\u00e4\u00e4n 29.6.2025 alkaen joka sunnuntai klo 17.00-18.15 aina 7.9.2025 saakka sis\u00e4lt\u00e4en 10 harjoituskertaa (pl. su 3.8. jolloin ei harjoituksia). Mukaan voi liitty\u00e4 koska vain kes\u00e4n aikana, eik\u00e4 aiempaa lajitaustaa tai osaamista tarvita. Mukaan ovat tervetulleet kaikki uudet sek\u00e4 jo [&hellip;]<\/p>\n","protected":false},"author":1,"featured_media":0,"parent":0,"menu_order":1,"comment_status":"open","ping_status":"open","template":"front-page.php","meta":{"footnotes":""},"class_list":["post-2","page","type-page","status-publish","hentry"],"_links":{"self":[{"href":"https:\/\/www.oulunsalonvasama.fi\/pesapallo\/wp-json\/wp\/v2\/pages\/2","targetHints":{"allow":["GET"]}}],"collection":[{"href":"https:\/\/www.oulunsalonvasama.fi\/pesapallo\/wp-json\/wp\/v2\/pages"}],"about":[{"href":"https:\/\/www.oulunsalonvasama.fi\/pesapallo\/wp-json\/wp\/v2\/types\/page"}],"author":[{"embeddable":true,"href":"https:\/\/www.oulunsalonvasama.fi\/pesapallo\/wp-json\/wp\/v2\/users\/1"}],"replies":[{"embeddable":true,"href":"https:\/\/www.oulunsalonvasama.fi\/pesapallo\/wp-json\/wp\/v2\/comments?post=2"}],"version-history":[{"count":348,"href":"https:\/\/www.oulunsalonvasama.fi\/pesapallo\/wp-json\/wp\/v2\/pages\/2\/revisions"}],"predecessor-version":[{"id":5107,"href":"https:\/\/www.oulunsalonvasama.fi\/pesapallo\/wp-json\/wp\/v2\/pages\/2\/revisions\/5107"}],"wp:attachment":[{"href":"https:\/\/www.oulunsalonvasama.fi\/pesapallo\/wp-json\/wp\/v2\/media?parent=2"}],"curies":[{"name":"wp","href":"https:\/\/api.w.org\/{rel}","templated":true}]}}