{"id":10713,"date":"2025-03-15T19:58:07","date_gmt":"2025-03-15T19:58:07","guid":{"rendered":"https:\/\/www.oulunsalonvasama.fi\/lentopallo\/?page_id=10713"},"modified":"2025-04-20T13:52:56","modified_gmt":"2025-04-20T13:52:56","slug":"joukkueet-2","status":"publish","type":"page","link":"https:\/\/www.oulunsalonvasama.fi\/lentopallo\/b-pojat-sm-finaalit-2025\/joukkueet-2\/","title":{"rendered":"Joukkueet"},"content":{"rendered":"<h2>BP SM-lopputurnauksen joukkueet 2025<\/h2>\n<h4><a href=\"https:\/\/www.oulunsalonvasama.fi\/lentopallo\/wp-content\/uploads\/2025\/04\/JyLe.webp\"><img loading=\"lazy\" decoding=\"async\" class=\"wp-image-10831 alignnone\" src=\"https:\/\/www.oulunsalonvasama.fi\/lentopallo\/wp-content\/uploads\/2025\/04\/JyLe.webp\" alt=\"\" width=\"48\" height=\"48\" srcset=\"https:\/\/www.oulunsalonvasama.fi\/lentopallo\/wp-content\/uploads\/2025\/04\/JyLe.webp 200w, https:\/\/www.oulunsalonvasama.fi\/lentopallo\/wp-content\/uploads\/2025\/04\/JyLe-150x150.webp 150w\" sizes=\"auto, (max-width: 48px) 100vw, 48px\" \/><\/a> JyLe\/B-pojat, Jyv\u00e4skyl\u00e4<\/h4>\n<h4><a href=\"https:\/\/www.oulunsalonvasama.fi\/lentopallo\/wp-content\/uploads\/2025\/04\/JyvasLentis.jpg\"><img loading=\"lazy\" decoding=\"async\" class=\"alignnone wp-image-10809\" src=\"https:\/\/www.oulunsalonvasama.fi\/lentopallo\/wp-content\/uploads\/2025\/04\/JyvasLentis-300x209.jpg\" alt=\"\" width=\"400\" height=\"279\" srcset=\"https:\/\/www.oulunsalonvasama.fi\/lentopallo\/wp-content\/uploads\/2025\/04\/JyvasLentis-300x209.jpg 300w, https:\/\/www.oulunsalonvasama.fi\/lentopallo\/wp-content\/uploads\/2025\/04\/JyvasLentis-1024x715.jpg 1024w, https:\/\/www.oulunsalonvasama.fi\/lentopallo\/wp-content\/uploads\/2025\/04\/JyvasLentis-768x536.jpg 768w, https:\/\/www.oulunsalonvasama.fi\/lentopallo\/wp-content\/uploads\/2025\/04\/JyvasLentis-1536x1073.jpg 1536w, https:\/\/www.oulunsalonvasama.fi\/lentopallo\/wp-content\/uploads\/2025\/04\/JyvasLentis.jpg 2048w\" sizes=\"auto, (max-width: 400px) 100vw, 400px\" \/><\/a><\/h4>\n<pre>                      s.vuosi pituus rooli\r\n2  Vertti Poikonen    2009    194    YP\r\n7  Taavi Vilokkinen   2009    194    KT\r\n8  Onni Etel\u00e4m\u00e4ki     2009    188    YP\r\n9  Lauri Etel\u00e4m\u00e4ki    2009    181    P\r\n12 V\u00e4in\u00f6 Saloranta    2008    180,5  H\r\n13 Samuel Ahlfors     2008    182    KT\r\n14 Perttu Lassila     2009    182    H\/YP\r\n15 Lauri Uuksulainen  2009    176    KT\r\n22 Matti H\u00e4yrinen     2009    172    L\r\n24 Veikka Rintala     2008    191    P\/H\r\n26 Miska R\u00f6ytt\u00e4       2009    181    KT\r\n35 Michal Wlodarczyk  2009    182    H\r\n\r\nP\u00e4\u00e4valmentaja         Mikko H\u00e4yrinen\r\nApuvalmentaja         Timo Vilokkinen\r\nJoukkueenjohtaja      Mirva R\u00f6ytt\u00e4<\/pre>\n<h4><a href=\"https:\/\/www.oulunsalonvasama.fi\/lentopallo\/wp-content\/uploads\/2025\/04\/Tiikerit.webp\"><img loading=\"lazy\" decoding=\"async\" class=\"alignnone wp-image-10834\" src=\"https:\/\/www.oulunsalonvasama.fi\/lentopallo\/wp-content\/uploads\/2025\/04\/Tiikerit.webp\" alt=\"\" width=\"48\" height=\"48\" srcset=\"https:\/\/www.oulunsalonvasama.fi\/lentopallo\/wp-content\/uploads\/2025\/04\/Tiikerit.webp 200w, https:\/\/www.oulunsalonvasama.fi\/lentopallo\/wp-content\/uploads\/2025\/04\/Tiikerit-150x150.webp 150w\" sizes=\"auto, (max-width: 48px) 100vw, 48px\" \/><\/a> Tiikerit\/B-pojat, Kokkola<\/h4>\n<p><a href=\"https:\/\/www.oulunsalonvasama.fi\/lentopallo\/wp-content\/uploads\/2025\/04\/Tiikerit-scaled.jpg\"><img loading=\"lazy\" decoding=\"async\" class=\"alignnone wp-image-10811\" src=\"https:\/\/www.oulunsalonvasama.fi\/lentopallo\/wp-content\/uploads\/2025\/04\/Tiikerit-300x212.jpg\" alt=\"\" width=\"400\" height=\"283\" srcset=\"https:\/\/www.oulunsalonvasama.fi\/lentopallo\/wp-content\/uploads\/2025\/04\/Tiikerit-300x212.jpg 300w, https:\/\/www.oulunsalonvasama.fi\/lentopallo\/wp-content\/uploads\/2025\/04\/Tiikerit-1024x724.jpg 1024w, https:\/\/www.oulunsalonvasama.fi\/lentopallo\/wp-content\/uploads\/2025\/04\/Tiikerit-768x543.jpg 768w, https:\/\/www.oulunsalonvasama.fi\/lentopallo\/wp-content\/uploads\/2025\/04\/Tiikerit-1536x1086.jpg 1536w, https:\/\/www.oulunsalonvasama.fi\/lentopallo\/wp-content\/uploads\/2025\/04\/Tiikerit-2048x1448.jpg 2048w\" sizes=\"auto, (max-width: 400px) 100vw, 400px\" \/><\/a><\/p>\n<pre>                      s.vuosi pituus rooli\r\n5  Robin Knutar       2011    175    L\r\n8  Eeli Strang        2010    187    P\r\n9  Eeli Tanttinen     2010    187    KT\r\n12 Matias Heikkil\u00e4    2009    184    YP\r\n14 Samuel Wentus      2010    177    YP\/L\r\n19 Viljami Luhtio     2009    194    KT\r\n21 Kimi Kaustinen     2008    194    H\r\n22 Aaron Schreck      2008    193    KT\r\n29 Joona Strang       2009    194    KT\r\n30 Robin Huhta        2010    175    KT\/L\r\n34 Kasper Emmes       2009    174    YP\/P\r\n\r\nP\u00e4\u00e4valmentaja         Ville Emmes\r\nApuvalmentaja         Ilkka Tanttinen\r\nJoukkueenjohtaja      Ari-Pekka Heikkil\u00e4\r\nHuoltaja              Petri Strang<\/pre>\n<h4><a href=\"https:\/\/www.oulunsalonvasama.fi\/lentopallo\/wp-content\/uploads\/2025\/04\/Jankko.webp\"><img loading=\"lazy\" decoding=\"async\" class=\"alignnone wp-image-10835\" src=\"https:\/\/www.oulunsalonvasama.fi\/lentopallo\/wp-content\/uploads\/2025\/04\/Jankko.webp\" alt=\"\" width=\"48\" height=\"48\" srcset=\"https:\/\/www.oulunsalonvasama.fi\/lentopallo\/wp-content\/uploads\/2025\/04\/Jankko.webp 200w, https:\/\/www.oulunsalonvasama.fi\/lentopallo\/wp-content\/uploads\/2025\/04\/Jankko-150x150.webp 150w\" sizes=\"auto, (max-width: 48px) 100vw, 48px\" \/><\/a>\u00a0Jankko\/B1, Loimaa<\/h4>\n<p><a href=\"https:\/\/www.oulunsalonvasama.fi\/lentopallo\/wp-content\/uploads\/2025\/04\/Jankko-scaled.jpeg\"><img loading=\"lazy\" decoding=\"async\" class=\"alignnone wp-image-10814\" src=\"https:\/\/www.oulunsalonvasama.fi\/lentopallo\/wp-content\/uploads\/2025\/04\/Jankko-300x229.jpeg\" alt=\"\" width=\"400\" height=\"305\" srcset=\"https:\/\/www.oulunsalonvasama.fi\/lentopallo\/wp-content\/uploads\/2025\/04\/Jankko-300x229.jpeg 300w, https:\/\/www.oulunsalonvasama.fi\/lentopallo\/wp-content\/uploads\/2025\/04\/Jankko-1024x783.jpeg 1024w, https:\/\/www.oulunsalonvasama.fi\/lentopallo\/wp-content\/uploads\/2025\/04\/Jankko-768x587.jpeg 768w, https:\/\/www.oulunsalonvasama.fi\/lentopallo\/wp-content\/uploads\/2025\/04\/Jankko-1536x1175.jpeg 1536w, https:\/\/www.oulunsalonvasama.fi\/lentopallo\/wp-content\/uploads\/2025\/04\/Jankko-2048x1567.jpeg 2048w\" sizes=\"auto, (max-width: 400px) 100vw, 400px\" \/><\/a><\/p>\n<pre>                      s.vuosi pituus rooli\r\n1  Eemi Marttila      2009    185    YP\r\n2  Justus V\u00e4lim\u00e4ki    2009    182    P\r\n4  Niko Holm          2009    177    L\r\n7  Joonas Riponiemi   2009    185    H\/YP\r\n8  R\u00e4ndi Kivine       2009    193    YP\r\n9  Miska Uusitalo     2008    177    YP\/L\r\n10 Aapo Laine         2009    182    P\r\n13 Elias Oivanen      2009    195    H\/KT\r\n17 Jonne Virtanen     2009    187    KT\r\n\r\nP\u00e4\u00e4valmentaja         Juuso Riponiemi\r\nApuvalmentaja         Lauri Rantanen\r\nJoukkueenjohtaja      Elviira Onnela\r\nHuoltaja              Topias Riponiemi<\/pre>\n<h4><a href=\"https:\/\/www.oulunsalonvasama.fi\/lentopallo\/wp-content\/uploads\/2025\/04\/OrPo.webp\"><img loading=\"lazy\" decoding=\"async\" class=\"alignnone wp-image-10837\" src=\"https:\/\/www.oulunsalonvasama.fi\/lentopallo\/wp-content\/uploads\/2025\/04\/OrPo.webp\" alt=\"\" width=\"48\" height=\"48\" srcset=\"https:\/\/www.oulunsalonvasama.fi\/lentopallo\/wp-content\/uploads\/2025\/04\/OrPo.webp 200w, https:\/\/www.oulunsalonvasama.fi\/lentopallo\/wp-content\/uploads\/2025\/04\/OrPo-150x150.webp 150w\" sizes=\"auto, (max-width: 48px) 100vw, 48px\" \/><\/a>OrPo, Orivesi<\/h4>\n<p><a href=\"https:\/\/www.oulunsalonvasama.fi\/lentopallo\/wp-content\/uploads\/2025\/04\/OrPo-scaled.jpg\"><img loading=\"lazy\" decoding=\"async\" class=\"alignnone wp-image-10816\" src=\"https:\/\/www.oulunsalonvasama.fi\/lentopallo\/wp-content\/uploads\/2025\/04\/OrPo-300x212.jpg\" alt=\"\" width=\"400\" height=\"283\" srcset=\"https:\/\/www.oulunsalonvasama.fi\/lentopallo\/wp-content\/uploads\/2025\/04\/OrPo-300x212.jpg 300w, https:\/\/www.oulunsalonvasama.fi\/lentopallo\/wp-content\/uploads\/2025\/04\/OrPo-1024x724.jpg 1024w, https:\/\/www.oulunsalonvasama.fi\/lentopallo\/wp-content\/uploads\/2025\/04\/OrPo-768x543.jpg 768w, https:\/\/www.oulunsalonvasama.fi\/lentopallo\/wp-content\/uploads\/2025\/04\/OrPo-1536x1086.jpg 1536w, https:\/\/www.oulunsalonvasama.fi\/lentopallo\/wp-content\/uploads\/2025\/04\/OrPo-2048x1448.jpg 2048w\" sizes=\"auto, (max-width: 400px) 100vw, 400px\" \/><\/a><\/p>\n<pre>                      s.vuosi pituus rooli\r\n2  Onni Nieminen      2009    186    KT\r\n8  Jaakko Niemi       2009    191    H\/P\/YP\r\n9  Konsta Kanerva     2009    188    KT\/H\r\n10 Oskari Katajam\u00e4ki  2008    183    YP\r\n11 Mikke Puputti      2009    184    YP\r\n12 Peetu Salmi        2009    187    YP\/L\r\n15 Juho Ruusumaa      2009    171    P\/L\r\n19 Aaron Anttila      2008    188    KT\r\n20 Niilo Lankinen     2009    177    L\r\n42 Elias Anttila      2010    177    YP\r\n\r\nP\u00e4\u00e4valmentaja         Markku Puputti\r\nApuvalmentaja         Severi Nieminen\r\nJoukkueenjohtaja      Hanna Niemi\r\nHuoltaja              Jari Katajam\u00e4ki<\/pre>\n<h4><a href=\"https:\/\/www.oulunsalonvasama.fi\/lentopallo\/wp-content\/uploads\/2025\/04\/OsVa-1.jpg\"><img loading=\"lazy\" decoding=\"async\" class=\"alignnone wp-image-10838\" src=\"https:\/\/www.oulunsalonvasama.fi\/lentopallo\/wp-content\/uploads\/2025\/04\/OsVa-1-300x190.jpg\" alt=\"\" width=\"76\" height=\"48\" srcset=\"https:\/\/www.oulunsalonvasama.fi\/lentopallo\/wp-content\/uploads\/2025\/04\/OsVa-1-300x190.jpg 300w, https:\/\/www.oulunsalonvasama.fi\/lentopallo\/wp-content\/uploads\/2025\/04\/OsVa-1.jpg 688w\" sizes=\"auto, (max-width: 76px) 100vw, 76px\" \/><\/a>OsVa\/B1, Oulunsalo<\/h4>\n<p><a href=\"https:\/\/www.oulunsalonvasama.fi\/lentopallo\/wp-content\/uploads\/2025\/04\/OsVa.jpg\"><img loading=\"lazy\" decoding=\"async\" class=\"alignnone wp-image-10818\" src=\"https:\/\/www.oulunsalonvasama.fi\/lentopallo\/wp-content\/uploads\/2025\/04\/OsVa-300x225.jpg\" alt=\"\" width=\"400\" height=\"300\" srcset=\"https:\/\/www.oulunsalonvasama.fi\/lentopallo\/wp-content\/uploads\/2025\/04\/OsVa-300x225.jpg 300w, https:\/\/www.oulunsalonvasama.fi\/lentopallo\/wp-content\/uploads\/2025\/04\/OsVa-1024x768.jpg 1024w, https:\/\/www.oulunsalonvasama.fi\/lentopallo\/wp-content\/uploads\/2025\/04\/OsVa-768x576.jpg 768w, https:\/\/www.oulunsalonvasama.fi\/lentopallo\/wp-content\/uploads\/2025\/04\/OsVa-1536x1152.jpg 1536w, https:\/\/www.oulunsalonvasama.fi\/lentopallo\/wp-content\/uploads\/2025\/04\/OsVa.jpg 1600w\" sizes=\"auto, (max-width: 400px) 100vw, 400px\" \/><\/a><\/p>\n<pre>                      s.vuosi pituus rooli\r\n5  Riku Kaaretkoski   2008    190    YP\/KT\r\n7  Kaapo Vanhatupa    2008    192    YP\r\n10 Filip Karjalainen  2009    180    P\/H\r\n11 Samu Kaartinen     2009    186    YP\/KT\r\n15 Eeli Kuukasj\u00e4rvi   2008    189    P\/H\r\n19 Jooa Piltonen      2009    186    YP\/KT\/H\r\n20 Tapio Kurikka      2008    193    YP\/KT\/H\r\n24 Jimi Tihinen       2009    178    YP\/L\r\n\r\nP\u00e4\u00e4valmentaja         Leena Kuukasj\u00e4rvi\r\nApuvalmentaja         Jari Kaartinen\r\nJoukkueenjohtaja      Jani Kuukasj\u00e4rvi<\/pre>\n<h4><a href=\"https:\/\/www.oulunsalonvasama.fi\/lentopallo\/wp-content\/uploads\/2025\/04\/Veisti.webp\"><img loading=\"lazy\" decoding=\"async\" class=\"alignnone wp-image-10840\" src=\"https:\/\/www.oulunsalonvasama.fi\/lentopallo\/wp-content\/uploads\/2025\/04\/Veisti.webp\" alt=\"\" width=\"48\" height=\"48\" srcset=\"https:\/\/www.oulunsalonvasama.fi\/lentopallo\/wp-content\/uploads\/2025\/04\/Veisti.webp 200w, https:\/\/www.oulunsalonvasama.fi\/lentopallo\/wp-content\/uploads\/2025\/04\/Veisti-150x150.webp 150w\" sizes=\"auto, (max-width: 48px) 100vw, 48px\" \/><\/a> Viesti\/Red, Salo<\/h4>\n<p><a href=\"https:\/\/www.oulunsalonvasama.fi\/lentopallo\/wp-content\/uploads\/2025\/04\/Viesti_Red.jpg\"><img loading=\"lazy\" decoding=\"async\" class=\"alignnone size-medium wp-image-10820\" src=\"https:\/\/www.oulunsalonvasama.fi\/lentopallo\/wp-content\/uploads\/2025\/04\/Viesti_Red-269x300.jpg\" alt=\"\" width=\"269\" height=\"300\" srcset=\"https:\/\/www.oulunsalonvasama.fi\/lentopallo\/wp-content\/uploads\/2025\/04\/Viesti_Red-269x300.jpg 269w, https:\/\/www.oulunsalonvasama.fi\/lentopallo\/wp-content\/uploads\/2025\/04\/Viesti_Red-919x1024.jpg 919w, https:\/\/www.oulunsalonvasama.fi\/lentopallo\/wp-content\/uploads\/2025\/04\/Viesti_Red-768x856.jpg 768w, https:\/\/www.oulunsalonvasama.fi\/lentopallo\/wp-content\/uploads\/2025\/04\/Viesti_Red-1378x1536.jpg 1378w, https:\/\/www.oulunsalonvasama.fi\/lentopallo\/wp-content\/uploads\/2025\/04\/Viesti_Red-1838x2048.jpg 1838w\" sizes=\"auto, (max-width: 269px) 100vw, 269px\" \/><\/a><\/p>\n<pre>                      s.vuosi pituus rooli\r\n2  Jussi Soraluoma    2008    184    KT\/H\r\n4  Jaakko Mattila     2009    182    H\/KT\r\n5  Niilo Schukov      2009    185    KT\/H\r\n9  Stefan Friberg     2009    175    YP\/L\r\n10 Elias Jago         2009    190    YP\r\n11 Miklas Eko         2009    185    P\r\n14 Emil Halkilahti    2009    186    H\/YP\r\n15 Eliel Hedberg      2008    171    L\/P\r\n17 Samu Tuunainen     2011    185    H\/YP\r\n22 Topi Ruponen       2008    181    KT\r\n\r\nP\u00e4\u00e4valmentaja         Eerik Jago\r\nApuvalmentaja         Marko Eko\r\nJoukkueenjohtaja      Niko Friberg<\/pre>\n<h4><a href=\"https:\/\/www.oulunsalonvasama.fi\/lentopallo\/wp-content\/uploads\/2025\/04\/Kiisto.webp\"><img loading=\"lazy\" decoding=\"async\" class=\"alignnone wp-image-10842\" src=\"https:\/\/www.oulunsalonvasama.fi\/lentopallo\/wp-content\/uploads\/2025\/04\/Kiisto.webp\" alt=\"\" width=\"48\" height=\"48\" srcset=\"https:\/\/www.oulunsalonvasama.fi\/lentopallo\/wp-content\/uploads\/2025\/04\/Kiisto.webp 200w, https:\/\/www.oulunsalonvasama.fi\/lentopallo\/wp-content\/uploads\/2025\/04\/Kiisto-150x150.webp 150w\" sizes=\"auto, (max-width: 48px) 100vw, 48px\" \/><\/a>Kiisto\/B-pojat, Vaasa<\/h4>\n<p><a href=\"https:\/\/www.oulunsalonvasama.fi\/lentopallo\/wp-content\/uploads\/2025\/04\/Kiisto.jpg\"><img loading=\"lazy\" decoding=\"async\" class=\"alignnone wp-image-10822\" src=\"https:\/\/www.oulunsalonvasama.fi\/lentopallo\/wp-content\/uploads\/2025\/04\/Kiisto-300x212.jpg\" alt=\"\" width=\"400\" height=\"283\" srcset=\"https:\/\/www.oulunsalonvasama.fi\/lentopallo\/wp-content\/uploads\/2025\/04\/Kiisto-300x212.jpg 300w, https:\/\/www.oulunsalonvasama.fi\/lentopallo\/wp-content\/uploads\/2025\/04\/Kiisto-1024x724.jpg 1024w, https:\/\/www.oulunsalonvasama.fi\/lentopallo\/wp-content\/uploads\/2025\/04\/Kiisto-768x543.jpg 768w, https:\/\/www.oulunsalonvasama.fi\/lentopallo\/wp-content\/uploads\/2025\/04\/Kiisto.jpg 1527w\" sizes=\"auto, (max-width: 400px) 100vw, 400px\" \/><\/a><\/p>\n<pre>                      s.vuosi pituus rooli\r\n1  Juuso Hietanen     2008    176    YP\r\n2  Jussi J\u00e4rvi-Laturi 2008    192    H\r\n3  Konsta Viljamaa    2008    191    YP\r\n5  Joona Ekholm       2009    184    L\r\n6  Martin Rikala      2008    180    P\r\n7  Joona Uuttu        2009    184    KT\r\n12 Veeti Schroderus   2009    184    P\r\n15 Hannes Peltonen    2009    195    KT\r\n17 Alex Schauman      2009    189    YP\r\n\r\nP\u00e4\u00e4valmentaja         Alex Wisen\r\nApuvalmentaja         Juha Ekholm\r\nJoukkueenjohtaja      Kirsi Rikala<\/pre>\n<h4><a href=\"https:\/\/www.oulunsalonvasama.fi\/lentopallo\/wp-content\/uploads\/2025\/04\/YJ.webp\"><img loading=\"lazy\" decoding=\"async\" class=\"alignnone wp-image-10844\" src=\"https:\/\/www.oulunsalonvasama.fi\/lentopallo\/wp-content\/uploads\/2025\/04\/YJ.webp\" alt=\"\" width=\"48\" height=\"48\" srcset=\"https:\/\/www.oulunsalonvasama.fi\/lentopallo\/wp-content\/uploads\/2025\/04\/YJ.webp 200w, https:\/\/www.oulunsalonvasama.fi\/lentopallo\/wp-content\/uploads\/2025\/04\/YJ-150x150.webp 150w\" sizes=\"auto, (max-width: 48px) 100vw, 48px\" \/><\/a> YJ, Ylih\u00e4rm\u00e4<\/h4>\n<p><a href=\"https:\/\/www.oulunsalonvasama.fi\/lentopallo\/wp-content\/uploads\/2025\/04\/YJ-scaled.jpg\"><img loading=\"lazy\" decoding=\"async\" class=\"alignnone wp-image-10824\" src=\"https:\/\/www.oulunsalonvasama.fi\/lentopallo\/wp-content\/uploads\/2025\/04\/YJ-300x200.jpg\" alt=\"\" width=\"399\" height=\"266\" srcset=\"https:\/\/www.oulunsalonvasama.fi\/lentopallo\/wp-content\/uploads\/2025\/04\/YJ-300x200.jpg 300w, https:\/\/www.oulunsalonvasama.fi\/lentopallo\/wp-content\/uploads\/2025\/04\/YJ-1024x683.jpg 1024w, https:\/\/www.oulunsalonvasama.fi\/lentopallo\/wp-content\/uploads\/2025\/04\/YJ-768x512.jpg 768w, https:\/\/www.oulunsalonvasama.fi\/lentopallo\/wp-content\/uploads\/2025\/04\/YJ-1536x1025.jpg 1536w, https:\/\/www.oulunsalonvasama.fi\/lentopallo\/wp-content\/uploads\/2025\/04\/YJ-2048x1366.jpg 2048w\" sizes=\"auto, (max-width: 399px) 100vw, 399px\" \/><\/a><\/p>\n<pre>                      s.vuosi pituus rooli\r\n1  Konsta Lehtola     2008    186    KT\r\n5  Matias Passinen    2008    188    H\/YP\r\n8  Kevin Kuikka       2008    180    YP\r\n9  Niilo Kilpinen     2008    198    P\r\n12 Juho Huhtaluhta    2008    194    H\r\n15 Ilmari Liinamaa    2008    187    KT\r\n26 Aku Aalto          2008    180    P\r\n47 Niilo Per\u00e4salo     2008    189    YP\r\n\r\nP\u00e4\u00e4valmentaja         Risto Lehtola\r\nApuvalmentaja         Matias Kuikka\r\nJoukkueenjohtaja      Esa Liinamaa\r\nFysiikkavalmentaja    Sanna Luoma<\/pre>\n","protected":false},"excerpt":{"rendered":"<p>BP SM-lopputurnauksen joukkueet 2025 JyLe\/B-pojat, Jyv\u00e4skyl\u00e4 s.vuosi pituus rooli 2 Vertti Poikonen 2009 194 YP 7 Taavi Vilokkinen 2009 194 KT 8 Onni Etel\u00e4m\u00e4ki 2009 188 YP 9 Lauri Etel\u00e4m\u00e4ki 2009 181 P 12 V\u00e4in\u00f6 Saloranta 2008 180,5 H 13 Samuel Ahlfors 2008 182 KT 14 Perttu Lassila 2009 182 H\/YP 15 Lauri Uuksulainen 2009 &#8230; <a title=\"Joukkueet\" class=\"read-more\" href=\"https:\/\/www.oulunsalonvasama.fi\/lentopallo\/b-pojat-sm-finaalit-2025\/joukkueet-2\/\" aria-label=\"Lue lis\u00e4\u00e4 aiheesta Joukkueet\">Lue lis\u00e4\u00e4<\/a><\/p>\n","protected":false},"author":49,"featured_media":0,"parent":10702,"menu_order":2,"comment_status":"closed","ping_status":"closed","template":"","meta":{"footnotes":"","_links_to":"","_links_to_target":""},"class_list":["post-10713","page","type-page","status-publish"],"_links":{"self":[{"href":"https:\/\/www.oulunsalonvasama.fi\/lentopallo\/wp-json\/wp\/v2\/pages\/10713","targetHints":{"allow":["GET"]}}],"collection":[{"href":"https:\/\/www.oulunsalonvasama.fi\/lentopallo\/wp-json\/wp\/v2\/pages"}],"about":[{"href":"https:\/\/www.oulunsalonvasama.fi\/lentopallo\/wp-json\/wp\/v2\/types\/page"}],"author":[{"embeddable":true,"href":"https:\/\/www.oulunsalonvasama.fi\/lentopallo\/wp-json\/wp\/v2\/users\/49"}],"replies":[{"embeddable":true,"href":"https:\/\/www.oulunsalonvasama.fi\/lentopallo\/wp-json\/wp\/v2\/comments?post=10713"}],"version-history":[{"count":29,"href":"https:\/\/www.oulunsalonvasama.fi\/lentopallo\/wp-json\/wp\/v2\/pages\/10713\/revisions"}],"predecessor-version":[{"id":10858,"href":"https:\/\/www.oulunsalonvasama.fi\/lentopallo\/wp-json\/wp\/v2\/pages\/10713\/revisions\/10858"}],"up":[{"embeddable":true,"href":"https:\/\/www.oulunsalonvasama.fi\/lentopallo\/wp-json\/wp\/v2\/pages\/10702"}],"wp:attachment":[{"href":"https:\/\/www.oulunsalonvasama.fi\/lentopallo\/wp-json\/wp\/v2\/media?parent=10713"}],"curies":[{"name":"wp","href":"https:\/\/api.w.org\/{rel}","templated":true}]}}